{"id":17521,"date":"2022-12-16T10:25:03","date_gmt":"2022-12-16T09:25:03","guid":{"rendered":"https:\/\/www.clean-air.cz\/hauben\/schweishauben\/summit-air\/"},"modified":"2022-12-16T10:25:05","modified_gmt":"2022-12-16T09:25:05","slug":"summit-air","status":"publish","type":"page","link":"https:\/\/www.clean-air.cz\/de\/hauben\/schweishauben\/summit-air\/","title":{"rendered":"SUMMIT air"},"content":{"rendered":"<p>[vc_row][vc_column width=&#8221;1\/2&#8243;][vc_gallery interval=&#8221;3&#8243; images=&#8221;17197,17203,17209,17191&#8243; img_size=&#8221;large&#8221;][\/vc_column][vc_column width=&#8221;1\/2&#8243;][vc_column_text]<strong><span style=\"font-size: 14pt; color: #be0300;\">DER MATE, DEN SIE K\u00d6NNEN<br \/>\nVERTRAUEN SIE JEDEN TAG<\/span><\/strong><\/p>\n<p>Automatisch verdunkelnder Schwei\u00dfhelm mit einem fortschrittlichen Luftverteilungssystem f\u00fcr erh\u00f6hten Benutzerkomfort und kompromisslosen Atemschutz. Die SUMMIT-Variante ohne Luftverteilung ist ebenfalls erh\u00e4ltlich.<\/p>\n<p>SUMMIT air ist ein professioneller Schwei\u00dfhelm, der f\u00fcr die meisten Schwei\u00dfverfahren wie MIG\/MAG, SMAW, WIG, Plasmalichtbogenschwei\u00dfen und -schneiden, Kohlelichtbogen-Fugenhobeln, Gasschwei\u00dfen und -schneiden geeignet ist. Nicht zum Laserschwei\u00dfen geeignet.<br \/>\n[\/vc_column_text][\/vc_column][\/vc_row][vc_row][vc_column width=&#8221;1\/3&#8243;][vc_column_text]<strong><span style=\"font-size: 14pt; color: #be0300;\">Leicht und langlebig\u00a0 <\/span><\/strong><\/p>\n<p style=\"text-align: justify;\">Leichte und strapazierf\u00e4hige Schale, die die Anforderungen von EN 175 B erf\u00fcllt und somit Schutz vor Hochgeschwindigkeitspartikeln bietet.<\/p>\n<p><img loading=\"lazy\" decoding=\"async\" class=\"alignnone size-medium wp-image-17197\" src=\"https:\/\/www.clean-air.cz\/wp-content\/uploads\/2022\/09\/70-34-01_AerTEC_SUMMIT_air-iso-300x300.jpg\" alt=\"\" width=\"300\" height=\"300\" srcset=\"https:\/\/www.clean-air.cz\/wp-content\/uploads\/2022\/09\/70-34-01_AerTEC_SUMMIT_air-iso-300x300.jpg 300w, https:\/\/www.clean-air.cz\/wp-content\/uploads\/2022\/09\/70-34-01_AerTEC_SUMMIT_air-iso-1024x1024.jpg 1024w, https:\/\/www.clean-air.cz\/wp-content\/uploads\/2022\/09\/70-34-01_AerTEC_SUMMIT_air-iso-150x150.jpg 150w, https:\/\/www.clean-air.cz\/wp-content\/uploads\/2022\/09\/70-34-01_AerTEC_SUMMIT_air-iso-768x768.jpg 768w, https:\/\/www.clean-air.cz\/wp-content\/uploads\/2022\/09\/70-34-01_AerTEC_SUMMIT_air-iso-1536x1536.jpg 1536w, https:\/\/www.clean-air.cz\/wp-content\/uploads\/2022\/09\/70-34-01_AerTEC_SUMMIT_air-iso-800x800.jpg 800w, https:\/\/www.clean-air.cz\/wp-content\/uploads\/2022\/09\/70-34-01_AerTEC_SUMMIT_air-iso-250x250.jpg 250w, https:\/\/www.clean-air.cz\/wp-content\/uploads\/2022\/09\/70-34-01_AerTEC_SUMMIT_air-iso.jpg 1600w\" sizes=\"(max-width: 300px) 100vw, 300px\" \/>[\/vc_column_text][\/vc_column][vc_column width=&#8221;1\/3&#8243;][vc_column_text]<strong><span style=\"font-size: 14pt; color: #be0300;\">AIR-FLOW Deflektoren<\/span><\/strong><\/p>\n<p style=\"text-align: justify;\"><strong>Dank der Deflektoren wird ein gleichm\u00e4\u00dfiger Luftstrom im Helm gew\u00e4hrleistet.<\/strong><\/p>\n<p style=\"text-align: justify;\">Fortschrittliche Luftverteilungssysteme f\u00fcr erh\u00f6hten Benutzerkomfort und kompromisslosen Atemschutz.<\/p>\n<p><img loading=\"lazy\" decoding=\"async\" class=\"alignnone size-medium wp-image-17203\" src=\"https:\/\/www.clean-air.cz\/wp-content\/uploads\/2022\/09\/70-34-01_AerTEC_SUMMIT_air-side_left-300x300.jpg\" alt=\"\" width=\"300\" height=\"300\" srcset=\"https:\/\/www.clean-air.cz\/wp-content\/uploads\/2022\/09\/70-34-01_AerTEC_SUMMIT_air-side_left-300x300.jpg 300w, https:\/\/www.clean-air.cz\/wp-content\/uploads\/2022\/09\/70-34-01_AerTEC_SUMMIT_air-side_left-1024x1024.jpg 1024w, https:\/\/www.clean-air.cz\/wp-content\/uploads\/2022\/09\/70-34-01_AerTEC_SUMMIT_air-side_left-150x150.jpg 150w, https:\/\/www.clean-air.cz\/wp-content\/uploads\/2022\/09\/70-34-01_AerTEC_SUMMIT_air-side_left-768x768.jpg 768w, https:\/\/www.clean-air.cz\/wp-content\/uploads\/2022\/09\/70-34-01_AerTEC_SUMMIT_air-side_left-1536x1536.jpg 1536w, https:\/\/www.clean-air.cz\/wp-content\/uploads\/2022\/09\/70-34-01_AerTEC_SUMMIT_air-side_left-800x800.jpg 800w, https:\/\/www.clean-air.cz\/wp-content\/uploads\/2022\/09\/70-34-01_AerTEC_SUMMIT_air-side_left-250x250.jpg 250w, https:\/\/www.clean-air.cz\/wp-content\/uploads\/2022\/09\/70-34-01_AerTEC_SUMMIT_air-side_left.jpg 1600w\" sizes=\"(max-width: 300px) 100vw, 300px\" \/>[\/vc_column_text][\/vc_column][vc_column width=&#8221;1\/3&#8243;][vc_column_text]<strong><span style=\"font-size: 14pt; color: #be0300;\">Schleifmodussteuerung<\/span><\/strong><\/p>\n<p>Sie schalten den ADF einfach mit einem Knopfdruck an der Au\u00dfenseite des Helms in den Schleifmodus.<\/p>\n<p><img loading=\"lazy\" decoding=\"async\" class=\"alignnone size-medium wp-image-17467\" src=\"https:\/\/www.clean-air.cz\/wp-content\/uploads\/2022\/12\/70-34-01_AerTEC_SUMMIT_air_GRINDMODE_detail-300x300.jpg\" alt=\"\" width=\"300\" height=\"300\" srcset=\"https:\/\/www.clean-air.cz\/wp-content\/uploads\/2022\/12\/70-34-01_AerTEC_SUMMIT_air_GRINDMODE_detail-300x300.jpg 300w, https:\/\/www.clean-air.cz\/wp-content\/uploads\/2022\/12\/70-34-01_AerTEC_SUMMIT_air_GRINDMODE_detail-150x150.jpg 150w, https:\/\/www.clean-air.cz\/wp-content\/uploads\/2022\/12\/70-34-01_AerTEC_SUMMIT_air_GRINDMODE_detail-768x768.jpg 768w, https:\/\/www.clean-air.cz\/wp-content\/uploads\/2022\/12\/70-34-01_AerTEC_SUMMIT_air_GRINDMODE_detail-800x800.jpg 800w, https:\/\/www.clean-air.cz\/wp-content\/uploads\/2022\/12\/70-34-01_AerTEC_SUMMIT_air_GRINDMODE_detail-250x250.jpg 250w, https:\/\/www.clean-air.cz\/wp-content\/uploads\/2022\/12\/70-34-01_AerTEC_SUMMIT_air_GRINDMODE_detail.jpg 1000w\" sizes=\"(max-width: 300px) 100vw, 300px\" \/>[\/vc_column_text][\/vc_column][\/vc_row][vc_row][vc_column width=&#8221;1\/3&#8243;][\/vc_column][vc_column width=&#8221;1\/3&#8243;][vc_column_text]<strong><span style=\"font-size: 14pt; color: #be0300;\">VariGEAR<\/span><\/strong><\/p>\n<p><strong>F\u00dcR ALLE KOPFFORMEN<\/strong>\u00a0Neue Kopfaufh\u00e4ngung mit mehreren individuellen Einstellungen.<\/p>\n<p><strong>KOMFORTABLES KOPFBAND<\/strong>\u00a0Der Kronenteil der Kopfbedeckung ist vertikal verstellbar und passt sich so allen Kopfformen und Kopfgr\u00f6\u00dfen an.<\/p>\n<p><strong>SCHNELLER AUSTAUSCH<\/strong>\u00a0Einfaches Austauschen des Kopfbands, das einfach aus der Halterung geschoben wird.<\/p>\n<p><strong>GENAUE PASSFORM\u00a0<\/strong>Das leichtg\u00e4ngige Schaltrad erm\u00f6glicht eine pr\u00e4zise Einstellung des Kopfumfangs und einen sicheren Sitz.<\/p>\n<p><strong>ANPASSUNG<\/strong>\u00a0Einfache Einstellung des Abstands des ADF vom Gesicht. Der Helm sollte m\u00f6glichst nah an den Augen sein, dann ist das Sichtfeld gr\u00f6\u00dfer und der Nacken wird nur minimal belastet.<\/p>\n<p><img loading=\"lazy\" decoding=\"async\" class=\"alignnone size-medium wp-image-17209\" src=\"https:\/\/www.clean-air.cz\/wp-content\/uploads\/2022\/09\/70-34-01_AerTEC_SUMMIT-back_inside_wo_textile-300x300.jpg\" alt=\"\" width=\"300\" height=\"300\" srcset=\"https:\/\/www.clean-air.cz\/wp-content\/uploads\/2022\/09\/70-34-01_AerTEC_SUMMIT-back_inside_wo_textile-300x300.jpg 300w, https:\/\/www.clean-air.cz\/wp-content\/uploads\/2022\/09\/70-34-01_AerTEC_SUMMIT-back_inside_wo_textile-1024x1024.jpg 1024w, https:\/\/www.clean-air.cz\/wp-content\/uploads\/2022\/09\/70-34-01_AerTEC_SUMMIT-back_inside_wo_textile-150x150.jpg 150w, https:\/\/www.clean-air.cz\/wp-content\/uploads\/2022\/09\/70-34-01_AerTEC_SUMMIT-back_inside_wo_textile-768x768.jpg 768w, https:\/\/www.clean-air.cz\/wp-content\/uploads\/2022\/09\/70-34-01_AerTEC_SUMMIT-back_inside_wo_textile-1536x1536.jpg 1536w, https:\/\/www.clean-air.cz\/wp-content\/uploads\/2022\/09\/70-34-01_AerTEC_SUMMIT-back_inside_wo_textile-800x800.jpg 800w, https:\/\/www.clean-air.cz\/wp-content\/uploads\/2022\/09\/70-34-01_AerTEC_SUMMIT-back_inside_wo_textile-250x250.jpg 250w, https:\/\/www.clean-air.cz\/wp-content\/uploads\/2022\/09\/70-34-01_AerTEC_SUMMIT-back_inside_wo_textile.jpg 1600w\" sizes=\"(max-width: 300px) 100vw, 300px\" \/>[\/vc_column_text][\/vc_column][vc_column width=&#8221;1\/3&#8243;][\/vc_column][\/vc_row][vc_row][vc_column width=&#8221;1\/3&#8243;][\/vc_column][\/vc_row][vc_row][vc_column][vc_tta_tabs style=&#8221;modern&#8221; shape=&#8221;square&#8221; active_section=&#8221;1&#8243; no_fill_content_area=&#8221;true&#8221; title=&#8221;Details&#8221;][vc_tta_section i_icon_fontawesome=&#8221;fa fa-industry&#8221; add_icon=&#8221;true&#8221; title=&#8221;Anwendungsbereiche&#8221; tab_id=&#8221;1513150336358-68add988-e9ea&#8221;][vc_column_text]<span style=\"color: #be0300;\"><strong>Anwendungsbereiche<\/strong><\/span><\/p>\n<p>F\u00fcr die meisten Schwei\u00dfprozesse wie MIG-, MAG-, WIG-, SMAW-, Plasmalichtbogenschwei\u00dfen, Kohlelichtbogenfugenhobeln, Gasschwei\u00dfen und Schneiden geeignet. Nicht geeignet f\u00fcr Laserschwei\u00dfen.[\/vc_column_text][\/vc_tta_section][vc_tta_section i_icon_fontawesome=&#8221;fa fa-thumbs-o-up&#8221; add_icon=&#8221;true&#8221; title=&#8221;Merkmale und Vorteile&#8221; tab_id=&#8221;1513150336359-b7b65468-8021&#8243;][vc_column_text]<span style=\"color: #be0300;\"><strong>Funktionen und Vorteile<\/strong><\/span><\/p>\n<ul>\n<li>Mit dem Klappsystem kann ohne Beeintr\u00e4chtigung des Atemschutzes zwischen Schwei\u00dfen und Schleifen gewechselt werden.<\/li>\n<li>H\u00f6chster Atemschutz und mehr Komfort dank des fortschrittlichen integrierten Luftverteilungssystems.<\/li>\n<li>Schneller und einfacher Austausch der Ersatzteile.<\/li>\n<\/ul>\n<p>[\/vc_column_text][\/vc_tta_section][vc_tta_section i_icon_fontawesome=&#8221;fa fa-cog&#8221; add_icon=&#8221;true&#8221; title=&#8221;Komplette S\u00e4tze, Zubeh\u00f6r, Filter&#8221; tab_id=&#8221;1513153137048-5f8c31c5-30ea&#8221;][vc_column_text]<\/p>\n<table style=\"width: 73.9187%; height: 166px;\">\n<tbody>\n<tr style=\"height: 24px;\">\n<td style=\"text-align: left; height: 24px; width: 92.8878%;\" colspan=\"2\"><span style=\"color: #be0300;\"><strong>Complete hoods<\/strong><\/span><\/td>\n<\/tr>\n<tr style=\"height: 24px;\">\n<td style=\"text-align: left; height: 24px; width: 74.7294%;\">Schwei\u00dfhelm AerTEC SUMMIT air, inkl. Kopfband und ADF 5\u00a0\u2013\u00a08\/9\u00a0\u2013\u00a013<\/td>\n<td style=\"text-align: center; height: 24px; width: 18.1584%;\">70 34 01<\/td>\n<\/tr>\n<tr style=\"height: 24px;\">\n<td style=\"text-align: left; height: 24px; width: 74.7294%;\">Schwei\u00dfhelm AerTEC SUMMIT, 5\u00a0\u2013\u00a08\/9\u00a0\u2013\u00a013<\/td>\n<td style=\"text-align: center; height: 24px; width: 18.1584%;\">40 34 01<\/td>\n<\/tr>\n<tr style=\"height: 24px;\">\n<td style=\"text-align: left; height: 24px; width: 74.7294%;\">Schwei\u00dfhelm AerTEC SUMMIT air, inkl. Kopfband und Gesichtsabdichtung, ohne ADF<\/td>\n<td style=\"text-align: center; height: 24px; width: 18.1584%;\">70 34 00<\/td>\n<\/tr>\n<tr style=\"height: 22px;\">\n<td style=\"text-align: left; height: 22px; width: 74.7294%;\">Schwei\u00dfhelm AerTEC SUMMIT, inkl. Kopfband und Gesichtsabdichtung, ohne ADF<\/td>\n<td style=\"text-align: center; height: 22px; width: 18.1584%;\">40 34 00<\/td>\n<\/tr>\n<\/tbody>\n<\/table>\n<table style=\"width: 74.0777%; height: 384px;\">\n<tbody>\n<tr style=\"height: 24px;\">\n<td style=\"text-align: left; height: 24px; width: 104.24%;\" colspan=\"2\"><span style=\"color: #be0300;\"><strong>Spare parts, accessories<\/strong><\/span><\/td>\n<\/tr>\n<tr style=\"height: 24px;\">\n<td style=\"height: 24px; text-align: left; width: 82.9905%;\">Kopfbedeckung VariGEAR Standard, ohne Schwei\u00dfband und Polster<\/td>\n<td style=\"text-align: left; width: 21.2492%; height: 24px;\">72 00 09<\/td>\n<\/tr>\n<tr style=\"height: 24px;\">\n<td style=\"text-align: left; width: 82.9905%; height: 24px;\">Kopfbedeckung VariGEAR Comfort, inkl. Schwei\u00dfband und Polster<\/td>\n<td style=\"text-align: left; width: 21.2492%; height: 24px;\">72 00 10<\/td>\n<\/tr>\n<tr style=\"height: 48px;\">\n<td style=\"text-align: left; width: 82.9905%; height: 48px;\">VariGear Befestigungsset (Omnira, SUMMIT)<\/td>\n<td style=\"text-align: left; width: 21.2492%; height: 48px;\">72 00 10.92<\/td>\n<\/tr>\n<tr style=\"height: 24px;\">\n<td style=\"text-align: left; width: 82.9905%; height: 24px;\">VariGEAR Schwei\u00dfband (2er Paket)<\/td>\n<td style=\"text-align: left; width: 21.2492%; height: 24px;\">72 00 15<\/td>\n<\/tr>\n<tr style=\"height: 22px;\">\n<td style=\"text-align: left; width: 82.9905%; height: 24px;\">Polsterung an der R\u00fcckseite VariGEAR<\/td>\n<td style=\"text-align: left; width: 21.2492%; height: 24px;\">72 00 14<\/td>\n<\/tr>\n<tr style=\"height: 24px;\">\n<td style=\"text-align: left; width: 82.9905%; height: 24px;\">Polsterung oben VariGEAR<\/td>\n<td style=\"text-align: left; width: 21.2492%; height: 24px;\">72 00 16<\/td>\n<\/tr>\n<tr style=\"height: 24px;\">\n<td style=\"text-align: left; width: 82.9905%; height: 24px;\">VariGEAR Komfortset (Set aus Schwei\u00dfband und Polstern)<\/td>\n<td style=\"text-align: left; width: 21.2492%; height: 24px;\">72 00 17<\/td>\n<\/tr>\n<tr style=\"height: 24px;\">\n<td style=\"text-align: left; width: 82.9905%; height: 24px;\">Kopfband VariGEAR inkl. Luftkanal<\/td>\n<td style=\"text-align: left; width: 21.2492%; height: 24px;\">72 00 20<\/td>\n<\/tr>\n<tr style=\"height: 24px;\">\n<td style=\"text-align: left; width: 82.9905%; height: 24px;\">Gesichtsabdichtung f\u00fcr Schwei\u00dfhelm \u2013 universell<\/td>\n<td style=\"text-align: left; width: 21.2492%; height: 24px;\">70 21 53<\/td>\n<\/tr>\n<tr style=\"height: 24px;\">\n<td style=\"text-align: left; width: 82.9905%; height: 24px;\">Akku 3 V f\u00fcr AerTEC S60 ADF<\/td>\n<td style=\"text-align: left; width: 21.2492%; height: 24px;\">13 51 60<\/td>\n<\/tr>\n<tr style=\"height: 24px;\">\n<td style=\"text-align: left; width: 82.9905%; height: 24px;\">QuickLOCK \u2013 leichter flexibler Schlauch<\/td>\n<td style=\"text-align: left; width: 21.2492%; height: 24px;\">71 00 60<\/td>\n<\/tr>\n<tr style=\"height: 24px;\">\n<td style=\"text-align: left; width: 82.9905%; height: 24px;\">Schwei\u00dffilter mit automatischer Verdunkelung AerTEC S60, 3\/5\u00a0\u2013\u00a08\/9\u00a0\u2013\u00a013<\/td>\n<td style=\"text-align: left; width: 21.2492%; height: 24px;\">40 51 60<\/td>\n<\/tr>\n<tr style=\"height: 24px;\">\n<td style=\"text-align: left; width: 82.9905%; height: 24px;\">Schutzplatte f\u00fcr 108 x 51 mm, 10er Paket<\/td>\n<td style=\"text-align: left; width: 21.2492%; height: 24px;\">*110\/90\/1<\/td>\n<\/tr>\n<tr style=\"height: 24px;\">\n<td style=\"text-align: left; width: 82.9905%; height: 24px;\">Schutzplatte innen (Verus, Omnira COMBI, SUMMIT), 10er Paket<\/td>\n<td style=\"text-align: left; width: 21.2492%; height: 24px;\">*100\/65<\/td>\n<\/tr>\n<\/tbody>\n<\/table>\n<p>[\/vc_column_text][\/vc_tta_section][vc_tta_section i_icon_fontawesome=&#8221;fa fa-wrench&#8221; add_icon=&#8221;true&#8221; title=&#8221;Technische Daten&#8221; tab_id=&#8221;1513153797992-792040b0-82c9&#8243;][vc_column_text]<\/p>\n<table style=\"width: 100%; height: 312px;\">\n<tbody>\n<tr style=\"height: 24px;\">\n<td style=\"text-align: left; height: 24px; width: 99.639%;\" colspan=\"2\"><span style=\"color: #be0300;\"><strong>Technical data\u00a0<\/strong><\/span><\/td>\n<\/tr>\n<tr style=\"height: 21px;\">\n<td style=\"text-align: left; height: 36px; width: 30.3249%;\">Masse<\/td>\n<td style=\"text-align: center; height: 36px; width: 69.3141%;\">756\/569 g<\/td>\n<\/tr>\n<tr style=\"height: 15px;\">\n<td style=\"text-align: left; height: 36px; width: 30.3249%;\">Material<\/td>\n<td style=\"text-align: center; height: 36px; width: 69.3141%;\">Polyamide (PA)<\/td>\n<\/tr>\n<tr>\n<td style=\"width: 30.3249%;\">ADF Abmessungen<\/td>\n<td style=\"text-align: center; height: 24px; width: 69.3141%;\">110 x 90 x 7 mm<\/td>\n<\/tr>\n<tr style=\"height: 48px;\">\n<td style=\"text-align: left; height: 48px; width: 30.3249%;\">Schattenstufe<\/td>\n<td style=\"text-align: center; height: 48px; width: 69.3141%;\">DIN 5\u201313<br \/>\nFarbstufe im offenen Zustand DIN 4<\/td>\n<\/tr>\n<tr style=\"height: 24px;\">\n<td style=\"text-align: left; height: 24px; width: 30.3249%;\">Sichtfeld<\/td>\n<td style=\"text-align: center; height: 24px; width: 69.3141%;\">98 x 62 mm<\/td>\n<\/tr>\n<tr style=\"height: 24px;\">\n<td style=\"text-align: left; height: 24px; width: 30.3249%;\">Schlauchanschluss<\/td>\n<td style=\"text-align: center; height: 24px; width: 69.3141%;\">QuickLOCK\u2122<\/td>\n<\/tr>\n<tr style=\"height: 48px;\">\n<td style=\"text-align: left; height: 48px; width: 30.3249%;\">Certification \/ NPF<br \/>\n\u2013 Atemschutz<\/td>\n<td style=\"text-align: center; height: 48px; width: 69.3141%;\">Atemschutzmasken mit Luftreinigung\u00a0 &#8211; EN 12941, TH3 \/ NPF 500<br \/>\nLuftversorgungssysteme (Zuluft) &#8211; EN 14594 (3B) \/ NPF 200<\/td>\n<\/tr>\n<tr style=\"height: 48px;\">\n<td style=\"text-align: left; height: 48px; width: 30.3249%;\">Certification<br \/>\n\u2013 Augen- und Gesichtsschutz<\/td>\n<td style=\"text-align: center; height: 48px; width: 69.3141%;\">Schwei\u00dfhelm &#8211; EN 175 B<br \/>\nSchwei\u00dffilter &#8211; EN 379 (1\/1\/1\/2)<\/td>\n<\/tr>\n<\/tbody>\n<\/table>\n<p>[\/vc_column_text][\/vc_tta_section][vc_tta_section i_icon_fontawesome=&#8221;fa fa-download&#8221; add_icon=&#8221;true&#8221; title=&#8221;Downloads&#8221; tab_id=&#8221;1513154098935-95c74e4f-fa1e&#8221;][vc_column_text]<a href=\"https:\/\/www.clean-air.cz\/wp-content\/uploads\/2022\/12\/CNA-111-R00-UM-AerTEC-Summit-DIGI.pdf\">User manual AerTEC SUMMIT air<\/a><\/p>\n<p><a href=\"https:\/\/www.clean-air.cz\/wp-content\/uploads\/2022\/03\/PS-703401-1-R0-AerTEC-SUMMIT-air.pdf\">Declaration of Conformity AerTEC SUMMIT air<\/a><\/p>\n<p><a href=\"https:\/\/www.clean-air.cz\/wp-content\/uploads\/2022\/12\/DA-111_-_703401_-_Summit_air_-_EN.pdf\">Datasheet_AerTEC_SUMMIT_air_-_EN<\/a><\/p>\n<p><a href=\"https:\/\/www.clean-air.cz\/wp-content\/uploads\/2022\/12\/DA-112_-_403401_-_Summit_-_EN.pdf\">Datasheet_AerTEC SUMMIT_-_EN<\/a>[\/vc_column_text][\/vc_tta_section][vc_tta_section i_icon_fontawesome=&#8221;fa fa-picture-o&#8221; add_icon=&#8221;true&#8221; title=&#8221;Galerie&#8221; tab_id=&#8221;1515415801460-0c2258c9-4574&#8243;][vc_gallery type=&#8221;image_grid&#8221; images=&#8221;17197,17191,17203,17209,17467&#8243; img_size=&#8221;medium&#8221; css_animation=&#8221;fadeIn&#8221; css=&#8221;.vc_custom_1671113237846{padding-left: 280px !important;}&#8221; el_class=&#8221;optomax_gallery&#8221;][\/vc_tta_section][\/vc_tta_tabs][\/vc_column][\/vc_row][vc_row][vc_column][vc_separator][\/vc_column][\/vc_row]<\/p>\n","protected":false},"excerpt":{"rendered":"<p>[vc_row][vc_column width=&#8221;1\/2&#8243;][vc_gallery interval=&#8221;3&#8243; images=&#8221;17197,17203,17209,17191&#8243; img_size=&#8221;large&#8221;][\/vc_column][vc_column width=&#8221;1\/2&#8243;][vc_column_text]DER MATE, DEN SIE K\u00d6NNEN VERTRAUEN SIE JEDEN TAG Automatisch verdunkelnder Schwei\u00dfhelm mit einem fortschrittlichen Luftverteilungssystem f\u00fcr erh\u00f6hten Benutzerkomfort und kompromisslosen Atemschutz. Die SUMMIT-Variante ohne Luftverteilung ist ebenfalls erh\u00e4ltlich. SUMMIT air ist ein professioneller Schwei\u00dfhelm, der f\u00fcr die meisten Schwei\u00dfverfahren wie MIG\/MAG, SMAW, WIG, Plasmalichtbogenschwei\u00dfen und -schneiden, Kohlelichtbogen-Fugenhobeln, Gasschwei\u00dfen und -schneiden geeignet ist. Nicht zum Laserschwei\u00dfen geeignet. [\/vc_column_text][\/vc_column][\/vc_row][vc_row][vc_column width=&#8221;1\/3&#8243;][vc_column_text]Leicht und langlebig\u00a0 Leichte und strapazierf\u00e4hige Schale,<\/p>\n<p><a class=\"more-link\" href=\"https:\/\/www.clean-air.cz\/de\/hauben\/schweishauben\/summit-air\/\">Weiterlesen<\/a><\/p>\n","protected":false},"author":11,"featured_media":0,"parent":4250,"menu_order":0,"comment_status":"closed","ping_status":"closed","template":"","meta":{"footnotes":""},"_links":{"self":[{"href":"https:\/\/www.clean-air.cz\/de\/wp-json\/wp\/v2\/pages\/17521"}],"collection":[{"href":"https:\/\/www.clean-air.cz\/de\/wp-json\/wp\/v2\/pages"}],"about":[{"href":"https:\/\/www.clean-air.cz\/de\/wp-json\/wp\/v2\/types\/page"}],"author":[{"embeddable":true,"href":"https:\/\/www.clean-air.cz\/de\/wp-json\/wp\/v2\/users\/11"}],"replies":[{"embeddable":true,"href":"https:\/\/www.clean-air.cz\/de\/wp-json\/wp\/v2\/comments?post=17521"}],"version-history":[{"count":0,"href":"https:\/\/www.clean-air.cz\/de\/wp-json\/wp\/v2\/pages\/17521\/revisions"}],"up":[{"embeddable":true,"href":"https:\/\/www.clean-air.cz\/de\/wp-json\/wp\/v2\/pages\/4250"}],"wp:attachment":[{"href":"https:\/\/www.clean-air.cz\/de\/wp-json\/wp\/v2\/media?parent=17521"}],"curies":[{"name":"wp","href":"https:\/\/api.w.org\/{rel}","templated":true}]}}