{"id":16706,"date":"2022-05-20T11:11:29","date_gmt":"2022-05-20T09:11:29","guid":{"rendered":"https:\/\/www.clean-air.cz\/hauben\/schweishauben\/verus-air\/"},"modified":"2025-08-14T11:23:07","modified_gmt":"2025-08-14T09:23:07","slug":"verus-air","status":"publish","type":"page","link":"https:\/\/www.clean-air.cz\/de\/hauben\/schweishauben\/verus-air\/","title":{"rendered":"Verus air"},"content":{"rendered":"<p>[vc_row][vc_column width=&#8221;1\/2&#8243;][vc_gallery interval=&#8221;3&#8243; images=&#8221;14714,14708,14720&#8243; img_size=&#8221;large&#8221;][\/vc_column][vc_column width=&#8221;1\/2&#8243;][vc_column_text]<strong><span style=\"font-size: 14pt; color: #be0300;\">EINE VIELSEITIGE L\u00d6SUNG F\u00dcR VIELE ANFORDERUNGEN <\/span><\/strong> Ein Schwei\u00dfhelm mit automatischer Verdunkelung und fortschrittlichem Luftverteilungssystem f\u00fcr Komfort und Atemschutz ohne Kompromisse.<\/p>\n<p style=\"text-align: justify;\">Der professionelle Schwei\u00dfhelm Verus air ist f\u00fcr die meisten Schwei\u00dfprozesse wie MIG-, MAG-, WIG-, SMAW-, Plasmalichtbogenschwei\u00dfen, Kohlelichtbogenfugenhobeln, Gasschwei\u00dfen und Schneiden geeignet. Nicht geeignet f\u00fcr Laserschwei\u00dfen.<\/p>\n<p><a href=\"https:\/\/www.clean-air.cz\/wp-content\/uploads\/2022\/01\/Brochure_Verus_EN_2022-A4-DIGI.pdf\" target=\"_blank\" rel=\"noopener\">Brosch\u00fcre Verus EN 2022 herunterladen<\/a>[\/vc_column_text][\/vc_column][\/vc_row][vc_row][vc_column width=&#8221;1\/3&#8243;][vc_column_text]<strong><span style=\"font-size: 14pt; color: #be0300;\">Leicht und langlebig&nbsp;<\/span><\/strong><\/p>\n<p style=\"text-align: justify;\">Leichte und strapazierf\u00e4hige Schale, die die Anforderungen von EN 175 B erf\u00fcllt und somit Schutz vor Hochgeschwindigkeitspartikeln bietet.<\/p>\n<p><img loading=\"lazy\" decoding=\"async\" class=\"alignnone wp-image-14710\" src=\"https:\/\/www.clean-air.cz\/wp-content\/uploads\/2022\/01\/703001_Verus_air-iso-300x300.jpg\" alt=\"\" width=\"356\" height=\"356\" srcset=\"https:\/\/www.clean-air.cz\/wp-content\/uploads\/2022\/01\/703001_Verus_air-iso-300x300.jpg 300w, https:\/\/www.clean-air.cz\/wp-content\/uploads\/2022\/01\/703001_Verus_air-iso-1024x1024.jpg 1024w, https:\/\/www.clean-air.cz\/wp-content\/uploads\/2022\/01\/703001_Verus_air-iso-150x150.jpg 150w, https:\/\/www.clean-air.cz\/wp-content\/uploads\/2022\/01\/703001_Verus_air-iso-768x768.jpg 768w, https:\/\/www.clean-air.cz\/wp-content\/uploads\/2022\/01\/703001_Verus_air-iso-800x800.jpg 800w, https:\/\/www.clean-air.cz\/wp-content\/uploads\/2022\/01\/703001_Verus_air-iso-250x250.jpg 250w, https:\/\/www.clean-air.cz\/wp-content\/uploads\/2022\/01\/703001_Verus_air-iso.jpg 1200w\" sizes=\"(max-width: 356px) 100vw, 356px\" \/>[\/vc_column_text][\/vc_column][vc_column width=&#8221;1\/3&#8243;][vc_column_text]<strong><span style=\"font-size: 14pt; color: #be0300;\">Luftstromregulierung<\/span><\/strong><\/p>\n<p style=\"text-align: justify;\"><strong>Der Luftstrom kann bequem in drei Bereichen regulieren werden<\/strong><\/p>\n<p style=\"text-align: justify;\"><span style=\"color: #0000ff;\"><strong>BEREICH 1<\/strong><\/span>\u00a0\u2013 Hebel au\u00dfen am Helm zur Regulierung der Richtung des Luftstroms aus dem unteren Teil des Luftkanals. <span style=\"color: #339966;\"><strong>BEREICH 2<\/strong><\/span>\u00a0\u2013 Drehknopf au\u00dfen am Helm zur Regulierung der Richtung des Luftstroms aus dem oberen Teil des Luftkanals. <span style=\"color: #800080;\"><strong>BEREICH 3<\/strong><\/span>\u00a0\u2013 Die beiden Schieberegler an der Innenseite des Helms regeln die St\u00e4rke des Luftstroms, der entweder zum Mund des Schwei\u00dfers oder von den Seiten zugef\u00fchrt wird.<\/p>\n<p><img loading=\"lazy\" decoding=\"async\" class=\"alignnone wp-image-14786\" src=\"https:\/\/www.clean-air.cz\/wp-content\/uploads\/2022\/01\/70-30-01_CA-Verus_air-back-inside-airflow-300x300.jpg\" alt=\"\" width=\"335\" height=\"335\" srcset=\"https:\/\/www.clean-air.cz\/wp-content\/uploads\/2022\/01\/70-30-01_CA-Verus_air-back-inside-airflow-300x300.jpg 300w, https:\/\/www.clean-air.cz\/wp-content\/uploads\/2022\/01\/70-30-01_CA-Verus_air-back-inside-airflow-1024x1024.jpg 1024w, https:\/\/www.clean-air.cz\/wp-content\/uploads\/2022\/01\/70-30-01_CA-Verus_air-back-inside-airflow-150x150.jpg 150w, https:\/\/www.clean-air.cz\/wp-content\/uploads\/2022\/01\/70-30-01_CA-Verus_air-back-inside-airflow-768x768.jpg 768w, https:\/\/www.clean-air.cz\/wp-content\/uploads\/2022\/01\/70-30-01_CA-Verus_air-back-inside-airflow-1536x1536.jpg 1536w, https:\/\/www.clean-air.cz\/wp-content\/uploads\/2022\/01\/70-30-01_CA-Verus_air-back-inside-airflow-800x800.jpg 800w, https:\/\/www.clean-air.cz\/wp-content\/uploads\/2022\/01\/70-30-01_CA-Verus_air-back-inside-airflow-250x250.jpg 250w, https:\/\/www.clean-air.cz\/wp-content\/uploads\/2022\/01\/70-30-01_CA-Verus_air-back-inside-airflow.jpg 1600w\" sizes=\"(max-width: 335px) 100vw, 335px\" \/>[\/vc_column_text][\/vc_column][vc_column width=&#8221;1\/3&#8243;][vc_column_text]<strong><span style=\"font-size: 14pt; color: #be0300;\">ADF S60+<\/span><\/strong><\/p>\n<ul>\n<li><strong>TRUE COLOUR TECHNOLOGY<\/strong>\u00a0True Colour Display f\u00fcr verbesserte Farbwahrnehmung und jederzeit exzellente Sicht.<\/li>\n<li><strong>MEHR SEHEN<\/strong>\u00a0Gro\u00dfes Sichtfeld 98 x 62 mm<\/li>\n<li><strong>ZEHN VERDUNKLUNGSSTUFEN<\/strong>\u00a0f\u00fcr die unterschiedlichsten Schwei\u00dfarbeiten<\/li>\n<li><strong>VIER SENSOREN<\/strong>\u00a0f\u00fcr die stabile Lichtbogenerkennen<\/li>\n<\/ul>\n<p><img loading=\"lazy\" decoding=\"async\" class=\"alignnone wp-image-14780\" src=\"https:\/\/www.clean-air.cz\/wp-content\/uploads\/2022\/01\/405162_S60_ADF_Verus-Truecolor_difference-300x300.jpg\" alt=\"\" width=\"340\" height=\"340\" srcset=\"https:\/\/www.clean-air.cz\/wp-content\/uploads\/2022\/01\/405162_S60_ADF_Verus-Truecolor_difference-300x300.jpg 300w, https:\/\/www.clean-air.cz\/wp-content\/uploads\/2022\/01\/405162_S60_ADF_Verus-Truecolor_difference-1024x1024.jpg 1024w, https:\/\/www.clean-air.cz\/wp-content\/uploads\/2022\/01\/405162_S60_ADF_Verus-Truecolor_difference-150x150.jpg 150w, https:\/\/www.clean-air.cz\/wp-content\/uploads\/2022\/01\/405162_S60_ADF_Verus-Truecolor_difference-768x768.jpg 768w, https:\/\/www.clean-air.cz\/wp-content\/uploads\/2022\/01\/405162_S60_ADF_Verus-Truecolor_difference-1536x1536.jpg 1536w, https:\/\/www.clean-air.cz\/wp-content\/uploads\/2022\/01\/405162_S60_ADF_Verus-Truecolor_difference-800x800.jpg 800w, https:\/\/www.clean-air.cz\/wp-content\/uploads\/2022\/01\/405162_S60_ADF_Verus-Truecolor_difference-250x250.jpg 250w, https:\/\/www.clean-air.cz\/wp-content\/uploads\/2022\/01\/405162_S60_ADF_Verus-Truecolor_difference.jpg 1600w\" sizes=\"(max-width: 340px) 100vw, 340px\" \/>[\/vc_column_text][\/vc_column][\/vc_row][vc_row][vc_column width=&#8221;1\/3&#8243;][vc_column_text]<strong><span style=\"font-size: 14pt; color: #be0300;\">Hervorragende Optik f\u00fcr eine bessere Sicht<\/span><\/strong> <strong>ADF<\/strong> mit h\u00f6chsten Bildqualit\u00e4tsstandards in allen vier Klassen. <strong>LUPE<\/strong>\u00a0kann einfach am ADF befestigt werden. Gem\u00e4\u00df den h\u00f6chsten Anforderungen von\u00a0<strong>EN 379<\/strong>\u00a0f\u00fcr den Augenschutz der Schwei\u00dfer.<\/p>\n<table style=\"border-collapse: collapse; width: 101.423%; height: 88px;\">\n<tbody>\n<tr style=\"height: 22px;\">\n<td style=\"width: 57.7365%; height: 22px;\">Optische Qualit\u00e4t:<\/td>\n<td style=\"width: 130.871%; height: 22px; text-align: center;\">KLASSE 1<\/td>\n<\/tr>\n<tr style=\"height: 22px;\">\n<td style=\"width: 57.7365%; height: 22px;\">Lichtstreuung:<\/td>\n<td style=\"width: 130.871%; height: 22px; text-align: center;\">KLASSE 1<\/td>\n<\/tr>\n<tr style=\"height: 22px;\">\n<td style=\"width: 57.7365%; height: 22px;\">Homogenit\u00e4t:<\/td>\n<td style=\"width: 130.871%; height: 22px; text-align: center;\">KLASSE 1<\/td>\n<\/tr>\n<tr style=\"height: 22px;\">\n<td style=\"width: 57.7365%; height: 22px;\">Winkelabh\u00e4ngigkeit:<\/td>\n<td style=\"width: 130.871%; height: 22px; text-align: center;\">KLASSE 1<\/td>\n<\/tr>\n<\/tbody>\n<\/table>\n<p><img loading=\"lazy\" decoding=\"async\" class=\" wp-image-9503 aligncenter\" src=\"https:\/\/www.clean-air.cz\/wp-content\/uploads\/2020\/06\/ultra-hs-adf-quality-297x300.jpg\" alt=\"\" width=\"206\" height=\"208\" srcset=\"https:\/\/www.clean-air.cz\/wp-content\/uploads\/2020\/06\/ultra-hs-adf-quality-297x300.jpg 297w, https:\/\/www.clean-air.cz\/wp-content\/uploads\/2020\/06\/ultra-hs-adf-quality-150x150.jpg 150w, https:\/\/www.clean-air.cz\/wp-content\/uploads\/2020\/06\/ultra-hs-adf-quality.jpg 526w\" sizes=\"(max-width: 206px) 100vw, 206px\" \/>[\/vc_column_text][\/vc_column][vc_column width=&#8221;1\/3&#8243;][vc_column_text]<strong><span style=\"font-size: 14pt; color: #be0300;\">VariGEAR<\/span><\/strong><\/p>\n<p style=\"text-align: justify;\"><strong>F\u00dcR ALLE KOPFFORMEN<\/strong>\u00a0Neue Kopfaufh\u00e4ngung mit mehreren individuellen Einstellungen.<\/p>\n<p style=\"text-align: justify;\"><strong>KOMFORTABLES KOPFBAND<\/strong>\u00a0Der Kronenteil der Kopfbedeckung ist vertikal verstellbar und passt sich so allen Kopfformen und Kopfgr\u00f6\u00dfen an.<\/p>\n<p style=\"text-align: justify;\"><strong>SCHNELLER AUSTAUSC<\/strong>H Leichtes Austauschen des Kopfbands, das einfach aus der Halterung geschoben wird.<\/p>\n<p style=\"text-align: justify;\"><strong>GENAUE PASSFORM\u00a0<\/strong>Das leichtg\u00e4ngige Schaltrad erm\u00f6glicht eine pr\u00e4zise Einstellung des Kopfumfangs und einen sicheren Sitz.<\/p>\n<p style=\"text-align: justify;\"><strong>ANPASSUNG<\/strong>\u00a0Einfache Einstellung des Abstands des ADF vom Gesicht. Der Helm sollte m\u00f6glichst nah an den Augen sein, dann ist das Sichtfeld gr\u00f6\u00dfer und der Nacken wird nur minimal belastet.<\/p>\n<p style=\"text-align: justify;\"><strong>SCHLAUCHHALTER\u00a0<\/strong>Der leicht abnehmbare Schlauchhalter kann sowohl links als auch rechts befestigt werden.<\/p>\n<p><img loading=\"lazy\" decoding=\"async\" class=\"alignnone wp-image-14744\" src=\"https:\/\/www.clean-air.cz\/wp-content\/uploads\/2022\/01\/70-30-01_CA-Verus_air-back-inside4-300x300.jpg\" alt=\"\" width=\"429\" height=\"429\" srcset=\"https:\/\/www.clean-air.cz\/wp-content\/uploads\/2022\/01\/70-30-01_CA-Verus_air-back-inside4-300x300.jpg 300w, https:\/\/www.clean-air.cz\/wp-content\/uploads\/2022\/01\/70-30-01_CA-Verus_air-back-inside4-1024x1024.jpg 1024w, https:\/\/www.clean-air.cz\/wp-content\/uploads\/2022\/01\/70-30-01_CA-Verus_air-back-inside4-150x150.jpg 150w, https:\/\/www.clean-air.cz\/wp-content\/uploads\/2022\/01\/70-30-01_CA-Verus_air-back-inside4-768x768.jpg 768w, https:\/\/www.clean-air.cz\/wp-content\/uploads\/2022\/01\/70-30-01_CA-Verus_air-back-inside4-1536x1536.jpg 1536w, https:\/\/www.clean-air.cz\/wp-content\/uploads\/2022\/01\/70-30-01_CA-Verus_air-back-inside4-800x800.jpg 800w, https:\/\/www.clean-air.cz\/wp-content\/uploads\/2022\/01\/70-30-01_CA-Verus_air-back-inside4-250x250.jpg 250w, https:\/\/www.clean-air.cz\/wp-content\/uploads\/2022\/01\/70-30-01_CA-Verus_air-back-inside4.jpg 1600w\" sizes=\"(max-width: 429px) 100vw, 429px\" \/>[\/vc_column_text][\/vc_column][vc_column width=&#8221;1\/3&#8243;][vc_column_text]<strong><span style=\"font-size: 14pt; color: #be0300;\">Erweitern Sie Ihren Schutz<\/span><\/strong> Verus air wird in einer Grundausstattung mit einem sch\u00fctzenden, feuerfesten Kopf- und Nackenschutz geliefert, der perfekten Komfort und Schutz gew\u00e4hrleistet. <img loading=\"lazy\" decoding=\"async\" class=\"alignnone wp-image-14726\" src=\"https:\/\/www.clean-air.cz\/wp-content\/uploads\/2022\/01\/703072_Protective-neck-cover_Omnira_Verus-onVerus-300x300.jpg\" alt=\"\" width=\"319\" height=\"319\" srcset=\"https:\/\/www.clean-air.cz\/wp-content\/uploads\/2022\/01\/703072_Protective-neck-cover_Omnira_Verus-onVerus-300x300.jpg 300w, https:\/\/www.clean-air.cz\/wp-content\/uploads\/2022\/01\/703072_Protective-neck-cover_Omnira_Verus-onVerus-1024x1024.jpg 1024w, https:\/\/www.clean-air.cz\/wp-content\/uploads\/2022\/01\/703072_Protective-neck-cover_Omnira_Verus-onVerus-150x150.jpg 150w, https:\/\/www.clean-air.cz\/wp-content\/uploads\/2022\/01\/703072_Protective-neck-cover_Omnira_Verus-onVerus-768x768.jpg 768w, https:\/\/www.clean-air.cz\/wp-content\/uploads\/2022\/01\/703072_Protective-neck-cover_Omnira_Verus-onVerus-1536x1536.jpg 1536w, https:\/\/www.clean-air.cz\/wp-content\/uploads\/2022\/01\/703072_Protective-neck-cover_Omnira_Verus-onVerus-800x800.jpg 800w, https:\/\/www.clean-air.cz\/wp-content\/uploads\/2022\/01\/703072_Protective-neck-cover_Omnira_Verus-onVerus-250x250.jpg 250w, https:\/\/www.clean-air.cz\/wp-content\/uploads\/2022\/01\/703072_Protective-neck-cover_Omnira_Verus-onVerus.jpg 1600w\" sizes=\"(max-width: 319px) 100vw, 319px\" \/><img loading=\"lazy\" decoding=\"async\" class=\"alignnone wp-image-14732\" src=\"https:\/\/www.clean-air.cz\/wp-content\/uploads\/2022\/01\/703072_Protective-neck-cover_Omnira_Verus-onVerus-side-300x300.jpg\" alt=\"\" width=\"283\" height=\"283\" srcset=\"https:\/\/www.clean-air.cz\/wp-content\/uploads\/2022\/01\/703072_Protective-neck-cover_Omnira_Verus-onVerus-side-300x300.jpg 300w, https:\/\/www.clean-air.cz\/wp-content\/uploads\/2022\/01\/703072_Protective-neck-cover_Omnira_Verus-onVerus-side-1024x1024.jpg 1024w, https:\/\/www.clean-air.cz\/wp-content\/uploads\/2022\/01\/703072_Protective-neck-cover_Omnira_Verus-onVerus-side-150x150.jpg 150w, https:\/\/www.clean-air.cz\/wp-content\/uploads\/2022\/01\/703072_Protective-neck-cover_Omnira_Verus-onVerus-side-768x768.jpg 768w, https:\/\/www.clean-air.cz\/wp-content\/uploads\/2022\/01\/703072_Protective-neck-cover_Omnira_Verus-onVerus-side-1536x1536.jpg 1536w, https:\/\/www.clean-air.cz\/wp-content\/uploads\/2022\/01\/703072_Protective-neck-cover_Omnira_Verus-onVerus-side-800x800.jpg 800w, https:\/\/www.clean-air.cz\/wp-content\/uploads\/2022\/01\/703072_Protective-neck-cover_Omnira_Verus-onVerus-side-250x250.jpg 250w, https:\/\/www.clean-air.cz\/wp-content\/uploads\/2022\/01\/703072_Protective-neck-cover_Omnira_Verus-onVerus-side.jpg 1600w\" sizes=\"(max-width: 283px) 100vw, 283px\" \/>[\/vc_column_text][\/vc_column][\/vc_row][vc_row][vc_column][vc_column_text]<strong><span style=\"font-size: 14pt; color: #be0300;\">NEU Verus <img loading=\"lazy\" decoding=\"async\" class=\"alignnone wp-image-18462\" src=\"https:\/\/www.clean-air.cz\/wp-content\/uploads\/2023\/01\/New-png-Label-Design@zeevector-300x186.png\" alt=\"\" width=\"43\" height=\"27\" srcset=\"https:\/\/www.clean-air.cz\/wp-content\/uploads\/2023\/01\/New-png-Label-Design@zeevector-300x186.png 300w, https:\/\/www.clean-air.cz\/wp-content\/uploads\/2023\/01\/New-png-Label-Design@zeevector-1024x634.png 1024w, https:\/\/www.clean-air.cz\/wp-content\/uploads\/2023\/01\/New-png-Label-Design@zeevector-768x476.png 768w, https:\/\/www.clean-air.cz\/wp-content\/uploads\/2023\/01\/New-png-Label-Design@zeevector-1536x952.png 1536w, https:\/\/www.clean-air.cz\/wp-content\/uploads\/2023\/01\/New-png-Label-Design@zeevector-2048x1269.png 2048w, https:\/\/www.clean-air.cz\/wp-content\/uploads\/2023\/01\/New-png-Label-Design@zeevector-800x496.png 800w, https:\/\/www.clean-air.cz\/wp-content\/uploads\/2023\/01\/New-png-Label-Design@zeevector-320x202.png 320w, https:\/\/www.clean-air.cz\/wp-content\/uploads\/2023\/01\/New-png-Label-Design@zeevector-776x470.png 776w, https:\/\/www.clean-air.cz\/wp-content\/uploads\/2023\/01\/New-png-Label-Design@zeevector-700x441.png 700w\" sizes=\"(max-width: 43px) 100vw, 43px\" \/><\/span><\/strong><\/p>\n<p style=\"text-align: justify;\"><strong>Top-Schutz f\u00fcr jeden Schwei\u00dfer, neu ohne Luftverteilung.<\/strong><\/p>\n<p style=\"text-align: justify;\">Der ultimative automatisch verdunkelnde Schwei\u00dfhelm f\u00fcr effiziente Schwei\u00dferlebnisse. Ausgestattet mit True-Color-ADF mit hervorragender Klarheit der Sicht, einem vergr\u00f6\u00dferten Sichtbereich und einem erweiterten Farbbereich. Ausgestattet mit verschlie\u00dfbaren L\u00fcftungsschlitzen verhindert es Hitzestau und Beschlagen. Mit seinem ergonomischen Design und den einstellbaren Funktionen bietet Verus eine bequeme Passform f\u00fcr alle Ihre Schwei\u00dfprojekte.<\/p>\n<p><img loading=\"lazy\" decoding=\"async\" class=\"alignnone size-medium wp-image-21349\" src=\"https:\/\/www.clean-air.cz\/wp-content\/uploads\/2023\/09\/403001_Verus-iso-300x300.jpg\" alt=\"\" width=\"300\" height=\"300\" srcset=\"https:\/\/www.clean-air.cz\/wp-content\/uploads\/2023\/09\/403001_Verus-iso-300x300.jpg 300w, https:\/\/www.clean-air.cz\/wp-content\/uploads\/2023\/09\/403001_Verus-iso-1024x1024.jpg 1024w, https:\/\/www.clean-air.cz\/wp-content\/uploads\/2023\/09\/403001_Verus-iso-150x150.jpg 150w, https:\/\/www.clean-air.cz\/wp-content\/uploads\/2023\/09\/403001_Verus-iso-768x768.jpg 768w, https:\/\/www.clean-air.cz\/wp-content\/uploads\/2023\/09\/403001_Verus-iso-1536x1536.jpg 1536w, https:\/\/www.clean-air.cz\/wp-content\/uploads\/2023\/09\/403001_Verus-iso-800x800.jpg 800w, https:\/\/www.clean-air.cz\/wp-content\/uploads\/2023\/09\/403001_Verus-iso-250x250.jpg 250w, https:\/\/www.clean-air.cz\/wp-content\/uploads\/2023\/09\/403001_Verus-iso.jpg 1600w\" sizes=\"(max-width: 300px) 100vw, 300px\" \/><img loading=\"lazy\" decoding=\"async\" class=\"alignnone size-medium wp-image-21343\" src=\"https:\/\/www.clean-air.cz\/wp-content\/uploads\/2023\/09\/403001_Verus-front-300x300.jpg\" alt=\"\" width=\"300\" height=\"300\" srcset=\"https:\/\/www.clean-air.cz\/wp-content\/uploads\/2023\/09\/403001_Verus-front-300x300.jpg 300w, https:\/\/www.clean-air.cz\/wp-content\/uploads\/2023\/09\/403001_Verus-front-1024x1024.jpg 1024w, https:\/\/www.clean-air.cz\/wp-content\/uploads\/2023\/09\/403001_Verus-front-150x150.jpg 150w, https:\/\/www.clean-air.cz\/wp-content\/uploads\/2023\/09\/403001_Verus-front-768x768.jpg 768w, https:\/\/www.clean-air.cz\/wp-content\/uploads\/2023\/09\/403001_Verus-front-1536x1536.jpg 1536w, https:\/\/www.clean-air.cz\/wp-content\/uploads\/2023\/09\/403001_Verus-front-800x800.jpg 800w, https:\/\/www.clean-air.cz\/wp-content\/uploads\/2023\/09\/403001_Verus-front-250x250.jpg 250w, https:\/\/www.clean-air.cz\/wp-content\/uploads\/2023\/09\/403001_Verus-front.jpg 1600w\" sizes=\"(max-width: 300px) 100vw, 300px\" \/><img loading=\"lazy\" decoding=\"async\" class=\"alignnone size-medium wp-image-21355\" src=\"https:\/\/www.clean-air.cz\/wp-content\/uploads\/2023\/09\/403001_Verus-side-300x300.jpg\" alt=\"\" width=\"300\" height=\"300\" srcset=\"https:\/\/www.clean-air.cz\/wp-content\/uploads\/2023\/09\/403001_Verus-side-300x300.jpg 300w, https:\/\/www.clean-air.cz\/wp-content\/uploads\/2023\/09\/403001_Verus-side-1024x1024.jpg 1024w, https:\/\/www.clean-air.cz\/wp-content\/uploads\/2023\/09\/403001_Verus-side-150x150.jpg 150w, https:\/\/www.clean-air.cz\/wp-content\/uploads\/2023\/09\/403001_Verus-side-768x768.jpg 768w, https:\/\/www.clean-air.cz\/wp-content\/uploads\/2023\/09\/403001_Verus-side-1536x1536.jpg 1536w, https:\/\/www.clean-air.cz\/wp-content\/uploads\/2023\/09\/403001_Verus-side-800x800.jpg 800w, https:\/\/www.clean-air.cz\/wp-content\/uploads\/2023\/09\/403001_Verus-side-250x250.jpg 250w, https:\/\/www.clean-air.cz\/wp-content\/uploads\/2023\/09\/403001_Verus-side.jpg 1600w\" sizes=\"(max-width: 300px) 100vw, 300px\" \/><img loading=\"lazy\" decoding=\"async\" class=\"alignnone size-medium wp-image-21337\" src=\"https:\/\/www.clean-air.cz\/wp-content\/uploads\/2023\/09\/403001_Verus_with_protection-side-300x300.jpg\" alt=\"\" width=\"300\" height=\"300\" srcset=\"https:\/\/www.clean-air.cz\/wp-content\/uploads\/2023\/09\/403001_Verus_with_protection-side-300x300.jpg 300w, https:\/\/www.clean-air.cz\/wp-content\/uploads\/2023\/09\/403001_Verus_with_protection-side-1024x1024.jpg 1024w, https:\/\/www.clean-air.cz\/wp-content\/uploads\/2023\/09\/403001_Verus_with_protection-side-150x150.jpg 150w, https:\/\/www.clean-air.cz\/wp-content\/uploads\/2023\/09\/403001_Verus_with_protection-side-768x768.jpg 768w, https:\/\/www.clean-air.cz\/wp-content\/uploads\/2023\/09\/403001_Verus_with_protection-side-1536x1536.jpg 1536w, https:\/\/www.clean-air.cz\/wp-content\/uploads\/2023\/09\/403001_Verus_with_protection-side-800x800.jpg 800w, https:\/\/www.clean-air.cz\/wp-content\/uploads\/2023\/09\/403001_Verus_with_protection-side-250x250.jpg 250w, https:\/\/www.clean-air.cz\/wp-content\/uploads\/2023\/09\/403001_Verus_with_protection-side.jpg 1600w\" sizes=\"(max-width: 300px) 100vw, 300px\" \/>[\/vc_column_text][vc_tta_tabs style=&#8221;modern&#8221; shape=&#8221;square&#8221; active_section=&#8221;1&#8243; no_fill_content_area=&#8221;true&#8221; title=&#8221;Details&#8221;][vc_tta_section i_icon_fontawesome=&#8221;fa fa-industry&#8221; add_icon=&#8221;true&#8221; title=&#8221;Anwendungsbereiche&#8221; tab_id=&#8221;1513150336358-68add988-e9ea&#8221;][vc_column_text]<span style=\"color: #be0300;\"><strong>Anwendungsbereiche<\/strong><\/span> Der professionelle Schwei\u00dfhelm ist f\u00fcr die meisten Schwei\u00dfprozesse wie MIG-, MAG-, WIG-, SMAW-, Plasmalichtbogenschwei\u00dfen, Kohlelichtbogenfugenhobeln, Gasschwei\u00dfen und Schneiden geeignet. Nicht geeignet f\u00fcr Laserschwei\u00dfen.[\/vc_column_text][\/vc_tta_section][vc_tta_section i_icon_fontawesome=&#8221;fa fa-thumbs-o-up&#8221; add_icon=&#8221;true&#8221; title=&#8221;Merkmale und Vorteile&#8221; tab_id=&#8221;1513150336359-b7b65468-8021&#8243;][vc_column_text]<span style=\"color: #be0300;\"><strong>Merkmale und Vorteile<\/strong><\/span><\/p>\n<ul>\n<li>Ein fortschrittliches Luftverteilungssystem&nbsp; gem\u00e4\u00df dem h\u00f6chsten Atemschutz-Standard TH3\/NPF 500<\/li>\n<li>Au\u00dfen am Helm werden Richtung und Intensit\u00e4t des Luftstroms reguliert.<\/li>\n<li>Neue Kopfaufh\u00e4ngung f\u00fcr mehreren individuellen Einstellungen.<\/li>\n<li>True Colour ADF mit h\u00f6chster optischer Qualit\u00e4t 1\/1\/1\/1<\/li>\n<li>Schneller und einfacher Austausch der Ersatzteile<\/li>\n<li>Schleifmodusfunktion<\/li>\n<li>Erweiterter Kopf- und Nackenschutz im Basispaket der Grundausstattung enthalten<\/li>\n<\/ul>\n<p>[\/vc_column_text][\/vc_tta_section][vc_tta_section i_icon_fontawesome=&#8221;fa fa-cog&#8221; add_icon=&#8221;true&#8221; title=&#8221;Komplette S\u00e4tze, Zubeh\u00f6r, Filter&#8221; tab_id=&#8221;1513153137048-5f8c31c5-30ea&#8221;][vc_column_text]<\/p>\n<table style=\"width: 70.08%; height: 166px;\">\n<tbody>\n<tr style=\"height: 24px;\">\n<td style=\"text-align: left; height: 24px; width: 87.4083%;\" colspan=\"2\"><span style=\"color: #be0300;\"><strong>Komplette Hauben und Sets<\/strong><\/span><\/td>\n<\/tr>\n<tr style=\"height: 24px;\">\n<td style=\"text-align: left; height: 24px; width: 69.1017%;\">Schwei\u00dfhelm CleanAIR\u00ae Verus air, inkl. ADF S60+<\/td>\n<td style=\"text-align: center; height: 24px; width: 18.3066%;\">70 30 01<\/td>\n<\/tr>\n<tr style=\"height: 24px;\">\n<td style=\"text-align: left; height: 24px; width: 69.1017%;\">Schwei\u00dfhelm CleanAIR\u00ae Verus air, inkl. Kopfband, ohne ADF<\/td>\n<td style=\"text-align: center; height: 24px; width: 18.3066%;\">70 30 97<\/td>\n<\/tr>\n<tr style=\"height: 24px;\">\n<td style=\"text-align: left; height: 24px; width: 69.1017%;\">Ready 2 Weld \u2013 CleanAIR\u00ae AerGO\u00ae und Verus air<\/td>\n<td style=\"text-align: center; height: 24px; width: 18.3066%;\">30 30 01<\/td>\n<\/tr>\n<tr style=\"height: 22px;\">\n<td style=\"text-align: left; height: 22px; width: 69.1017%;\">Ready 2 Weld \u2013 CleanAIR\u00ae Basic und Verus air<\/td>\n<td style=\"text-align: center; height: 22px; width: 18.3066%;\">81 30 01<\/td>\n<\/tr>\n<\/tbody>\n<\/table>\n<table style=\"width: 70.88%; height: 466px;\">\n<tbody>\n<tr style=\"height: 24px;\">\n<td style=\"text-align: left; height: 24px; width: 89.1649%;\" colspan=\"2\"><span style=\"color: #be0300;\"><strong>Ersatzteile, Zubeh\u00f6r<\/strong><\/span><\/td>\n<\/tr>\n<tr style=\"height: 24px;\">\n<td style=\"height: 24px; text-align: left; width: 76.9752%;\">VariGEAR Standard ohne Polster und ohne Schwei\u00dfband<\/td>\n<td style=\"text-align: left; width: 12.1896%; height: 24px;\">72 00 09<\/td>\n<\/tr>\n<tr style=\"height: 24px;\">\n<td style=\"text-align: left; width: 76.9752%; height: 24px;\">VariGEAR Comfort, Kopfband inkl. Schwei\u00dfband<\/td>\n<td style=\"text-align: left; width: 12.1896%; height: 24px;\">72 00 10<\/td>\n<\/tr>\n<tr style=\"height: 24px;\">\n<td style=\"text-align: left; width: 76.9752%; height: 24px;\">VariGEAR Schwei\u00dfband (2er-Packung)<\/td>\n<td style=\"text-align: left; width: 12.1896%; height: 24px;\">72 00 15<\/td>\n<\/tr>\n<tr style=\"height: 22px;\">\n<td style=\"text-align: left; width: 76.9752%; height: 24px;\">Polsterung an der R\u00fcckseite VariGEAR<\/td>\n<td style=\"text-align: left; width: 12.1896%; height: 24px;\">72 00 14<\/td>\n<\/tr>\n<tr style=\"height: 24px;\">\n<td style=\"text-align: left; width: 76.9752%; height: 24px;\">Polsterung oben VariGEAR<\/td>\n<td style=\"text-align: left; width: 12.1896%; height: 24px;\">72 00 16<\/td>\n<\/tr>\n<tr style=\"height: 24px;\">\n<td style=\"text-align: left; width: 76.9752%; height: 24px;\">VariGEAR Comfort Set (Schwei\u00dfband und Polster)<\/td>\n<td style=\"text-align: left; width: 12.1896%; height: 24px;\">72 00 17<\/td>\n<\/tr>\n<tr style=\"height: 24px;\">\n<td style=\"text-align: left; width: 76.9752%; height: 24px;\">Akku 3 V f\u00fcr AerTEC\u2122 S60 ADF<\/td>\n<td style=\"text-align: left; width: 12.1896%; height: 24px;\">13 51 60<\/td>\n<\/tr>\n<tr style=\"height: 24px;\">\n<td style=\"text-align: left; width: 76.9752%; height: 24px;\">Leichter flexibler Schlauch QuickLOCK\u2122<\/td>\n<td style=\"text-align: left; width: 12.1896%; height: 24px;\">71 00 60<\/td>\n<\/tr>\n<tr style=\"height: 24px;\">\n<td style=\"text-align: left; width: 76.9752%; height: 24px;\">Automatischer Verdunkelungsfilter AerTEC\u2122 S60+, 5-8\/9-14<\/td>\n<td style=\"text-align: left; width: 12.1896%; height: 24px;\">40 51 62<\/td>\n<\/tr>\n<tr style=\"height: 24px;\">\n<td style=\"text-align: left; width: 76.9752%; height: 24px;\">Gesichtsabdichtung (CleanAIR\u00ae VERUS air, Omnira air)<\/td>\n<td style=\"text-align: left; width: 12.1896%; height: 24px;\">70 30 60<\/td>\n<\/tr>\n<tr style=\"height: 24px;\">\n<td style=\"text-align: left; width: 76.9752%; height: 24px;\">Kopfschutzhaube, flammenfest (Verus, Omnira)<\/td>\n<td style=\"text-align: left; width: 12.1896%; height: 24px;\">70 30 71<\/td>\n<\/tr>\n<tr style=\"height: 24px;\">\n<td style=\"text-align: left; width: 76.9752%; height: 24px;\">Nackenschutzhaube, flammenfest (Verus, Omnira)<\/td>\n<td style=\"text-align: left; width: 12.1896%; height: 24px;\">70 30 72<\/td>\n<\/tr>\n<tr style=\"height: 24px;\">\n<td style=\"text-align: left; width: 76.9752%; height: 24px;\">Hals- und Nackenschutzhaube, flammenfest (Verus, Omnira)<\/td>\n<td style=\"text-align: left; width: 12.1896%; height: 24px;\">70 30 73<\/td>\n<\/tr>\n<tr style=\"height: 24px;\">\n<td style=\"text-align: left; width: 76.9752%; height: 24px;\">Schutzplatte au\u00dfen (VERUS, Omnira COMBI, CA-40), 10er-Packung<\/td>\n<td style=\"text-align: left; width: 12.1896%; height: 24px;\">70 40 80<\/td>\n<\/tr>\n<tr style=\"height: 24px;\">\n<td style=\"text-align: left; width: 76.9752%; height: 24px;\">Schutzplatte innen (VERUS, Omnira COMBI, Summit), 10er Packung<\/td>\n<td style=\"text-align: left; width: 12.1896%; height: 24px;\">* 100\/65<\/td>\n<\/tr>\n<\/tbody>\n<\/table>\n<p>[\/vc_column_text][\/vc_tta_section][vc_tta_section i_icon_fontawesome=&#8221;fa fa-wrench&#8221; add_icon=&#8221;true&#8221; title=&#8221;Technische Daten&#8221; tab_id=&#8221;1513153797992-792040b0-82c9&#8243;][vc_column_text]<\/p>\n<table style=\"width: 100%; height: 312px;\">\n<tbody>\n<tr style=\"height: 24px;\">\n<td style=\"text-align: left; height: 24px;\" colspan=\"2\"><span style=\"color: #be0300;\"><strong>Technische Daten<\/strong><\/span><\/td>\n<\/tr>\n<tr style=\"height: 21px;\">\n<td style=\"text-align: left; height: 36px;\">Gewicht<\/td>\n<td style=\"text-align: center; height: 36px;\">793 g<\/td>\n<\/tr>\n<tr style=\"height: 15px;\">\n<td style=\"text-align: left; height: 36px;\">Material<\/td>\n<td style=\"text-align: center; height: 36px;\">Polyamid (PA)<\/td>\n<\/tr>\n<tr style=\"height: 24px;\">\n<td style=\"text-align: left; height: 24px;\">ADF Abmessung<\/td>\n<td style=\"text-align: center; height: 24px;\">110 x 90 x 7 mm<\/td>\n<\/tr>\n<tr style=\"height: 48px;\">\n<td style=\"text-align: left; height: 48px;\">Farbstufe<\/td>\n<td style=\"text-align: center; height: 48px;\">DIN 5-14 Farbstufe im offenen Zustand DIN 3<\/td>\n<\/tr>\n<tr style=\"height: 24px;\">\n<td style=\"text-align: left; height: 24px;\">Sichtfeld<\/td>\n<td style=\"text-align: center; height: 24px;\">Gr\u00f6\u00dfe 98 x 62 mm<\/td>\n<\/tr>\n<tr style=\"height: 24px;\">\n<td style=\"text-align: left; height: 24px;\">Schlauchanschluss<\/td>\n<td style=\"text-align: center; height: 24px;\">QuickLOCK\u2122<\/td>\n<\/tr>\n<tr style=\"height: 48px;\">\n<td style=\"text-align: left; height: 48px;\">Zertifizierung\/NPF \u2013 Schutz der Atemwege<\/td>\n<td style=\"text-align: center; height: 48px;\">Atemschutzmasken mit Luftreinigung \u2013 EN 12941, TH3\/NPF 500 Luftversorgungssysteme (Zuluft) \u2013 EN 14594 (3B)\/NPF 200<\/td>\n<\/tr>\n<tr style=\"height: 48px;\">\n<td style=\"text-align: left; height: 48px;\">Zertifizierung \u2013 Augen- und Gesichtsschutz<\/td>\n<td style=\"text-align: center; height: 48px;\">Schwei\u00dfhelm \u2013 EN 175 B Schwei\u00dffilter \u2013 EN 379 (1\/1\/1\/1)<\/td>\n<\/tr>\n<\/tbody>\n<\/table>\n<p>[\/vc_column_text][\/vc_tta_section][vc_tta_section i_icon_fontawesome=&#8221;fa fa-download&#8221; add_icon=&#8221;true&#8221; title=&#8221;Downloads&#8221; tab_id=&#8221;1513154098935-95c74e4f-fa1e&#8221;][vc_column_text]<a href=\"https:\/\/www.clean-air.cz\/wp-content\/uploads\/2022\/01\/PS-703001-1-R0-VERUS-air.pdf\" target=\"_blank\" rel=\"noopener\">Declaration of Conformity &#8211; VERUS air &#8211; 703001-1-R0<\/a><\/p>\n<p><a href=\"https:\/\/www.clean-air.cz\/wp-content\/uploads\/2023\/12\/CNA-113-R02-UM-Verus_DIGI.pdf\" target=\"_blank\" rel=\"noopener\">User manual &#8211; Verus<\/a><\/p>\n<p><a href=\"https:\/\/www.clean-air.cz\/wp-content\/uploads\/2025\/03\/DA-106_-_703001_-_Verus_air-EN.pdf\">DA-106_-_703001_-_Verus_air &#8211; EN<\/a><\/p>\n<p><a href=\"https:\/\/www.clean-air.cz\/wp-content\/uploads\/2025\/03\/DA-128_-_403001_-_Verus-EN.pdf\">DA-128_-_403001_-_Verus &#8211; EN<\/a>[\/vc_column_text][\/vc_tta_section][vc_tta_section i_icon_fontawesome=&#8221;fa fa-picture-o&#8221; add_icon=&#8221;true&#8221; title=&#8221;Galerie&#8221; tab_id=&#8221;1515415801460-0c2258c9-4574&#8243;][vc_gallery type=&#8221;image_grid&#8221; images=&#8221;14714,14708,14720,14736,14730&#8243; img_size=&#8221;medium&#8221; css_animation=&#8221;fadeIn&#8221; css=&#8221;.vc_custom_1643295397310{padding-left: 280px !important;}&#8221; el_class=&#8221;optomax_gallery&#8221;][\/vc_tta_section][\/vc_tta_tabs][\/vc_column][\/vc_row][vc_row][vc_column][vc_separator][\/vc_column][\/vc_row]<\/p>\n","protected":false},"excerpt":{"rendered":"<p>[vc_row][vc_column width=&#8221;1\/2&#8243;][vc_gallery interval=&#8221;3&#8243; images=&#8221;14714,14708,14720&#8243; img_size=&#8221;large&#8221;][\/vc_column][vc_column width=&#8221;1\/2&#8243;][vc_column_text]EINE VIELSEITIGE L\u00d6SUNG F\u00dcR VIELE ANFORDERUNGEN Ein Schwei\u00dfhelm mit automatischer Verdunkelung und fortschrittlichem Luftverteilungssystem f\u00fcr Komfort und Atemschutz ohne Kompromisse. Der professionelle Schwei\u00dfhelm Verus air ist f\u00fcr die meisten Schwei\u00dfprozesse wie MIG-, MAG-, WIG-, SMAW-, Plasmalichtbogenschwei\u00dfen, Kohlelichtbogenfugenhobeln, Gasschwei\u00dfen und Schneiden geeignet. Nicht geeignet f\u00fcr Laserschwei\u00dfen. Brosch\u00fcre Verus EN 2022 herunterladen[\/vc_column_text][\/vc_column][\/vc_row][vc_row][vc_column width=&#8221;1\/3&#8243;][vc_column_text]Leicht und langlebig&nbsp; Leichte und strapazierf\u00e4hige Schale, die die Anforderungen von EN 175 B erf\u00fcllt<\/p>\n<p><a class=\"more-link\" href=\"https:\/\/www.clean-air.cz\/de\/hauben\/schweishauben\/verus-air\/\">Weiterlesen<\/a><\/p>\n","protected":false},"author":11,"featured_media":0,"parent":4250,"menu_order":0,"comment_status":"closed","ping_status":"closed","template":"","meta":{"footnotes":""},"_links":{"self":[{"href":"https:\/\/www.clean-air.cz\/de\/wp-json\/wp\/v2\/pages\/16706"}],"collection":[{"href":"https:\/\/www.clean-air.cz\/de\/wp-json\/wp\/v2\/pages"}],"about":[{"href":"https:\/\/www.clean-air.cz\/de\/wp-json\/wp\/v2\/types\/page"}],"author":[{"embeddable":true,"href":"https:\/\/www.clean-air.cz\/de\/wp-json\/wp\/v2\/users\/11"}],"replies":[{"embeddable":true,"href":"https:\/\/www.clean-air.cz\/de\/wp-json\/wp\/v2\/comments?post=16706"}],"version-history":[{"count":0,"href":"https:\/\/www.clean-air.cz\/de\/wp-json\/wp\/v2\/pages\/16706\/revisions"}],"up":[{"embeddable":true,"href":"https:\/\/www.clean-air.cz\/de\/wp-json\/wp\/v2\/pages\/4250"}],"wp:attachment":[{"href":"https:\/\/www.clean-air.cz\/de\/wp-json\/wp\/v2\/media?parent=16706"}],"curies":[{"name":"wp","href":"https:\/\/api.w.org\/{rel}","templated":true}]}}