{"id":3369,"date":"2018-11-21T15:04:22","date_gmt":"2018-11-21T14:04:22","guid":{"rendered":"https:\/\/www.clean-air.cz\/hlavove-dily\/svareci-kukly\/"},"modified":"2026-03-27T14:30:33","modified_gmt":"2026-03-27T13:30:33","slug":"svareci-kukly","status":"publish","type":"page","link":"https:\/\/www.clean-air.cz\/cs\/hlavove-dily\/svareci-kukly\/","title":{"rendered":"Sv\u00e1\u0159e\u010dsk\u00e9 kukly"},"content":{"rendered":"<p>[vc_row css=&#8220;.vc_custom_1515063137650{background-color: #ffffff !important;}&#8220;][vc_column][vc_column_text]<\/p>\n<div class=\"wpb_text_column wpb_content_element \">\n<div class=\"wpb_wrapper\">\n<p><strong>Sv\u00e1\u0159e\u010dsk\u00e9 kukly<\/strong>\u00a0s rozvodem vzduchu umo\u017e\u0148uj\u00ed pohodln\u00e9 sva\u0159ov\u00e1n\u00ed s maxim\u00e1ln\u00ed\u00a0<strong>ochranou d\u00fdchac\u00edch cest<\/strong>, zraku a obli\u010deje. V na\u0161\u00ed nab\u00eddce naleznete p\u0159edev\u0161\u00edm\u00a0<strong>samostm\u00edvac\u00ed sv\u00e1\u0159e\u010dsk\u00e9 kukly<\/strong>.<\/p>\n<\/div>\n<\/div>\n<p>[\/vc_column_text][vc_tta_tour style=&#8220;modern&#8220; shape=&#8220;square&#8220; gap=&#8220;1&#8243; active_section=&#8220;1&#8243; no_fill_content_area=&#8220;true&#8220;][vc_tta_section title=&#8220;Omnira COMBI air&#8220; tab_id=&#8220;1528868639021-8778a5fb-a171&#8243;][vc_column_text]<\/p>\n<h3><img loading=\"lazy\" decoding=\"async\" class=\"alignnone size-medium wp-image-14846\" src=\"https:\/\/www.clean-air.cz\/wp-content\/uploads\/2022\/02\/Omnira_flipup-iso2-300x300.jpg\" alt=\"\" width=\"300\" height=\"300\" srcset=\"https:\/\/www.clean-air.cz\/wp-content\/uploads\/2022\/02\/Omnira_flipup-iso2-300x300.jpg 300w, https:\/\/www.clean-air.cz\/wp-content\/uploads\/2022\/02\/Omnira_flipup-iso2-1024x1024.jpg 1024w, https:\/\/www.clean-air.cz\/wp-content\/uploads\/2022\/02\/Omnira_flipup-iso2-150x150.jpg 150w, https:\/\/www.clean-air.cz\/wp-content\/uploads\/2022\/02\/Omnira_flipup-iso2-768x768.jpg 768w, https:\/\/www.clean-air.cz\/wp-content\/uploads\/2022\/02\/Omnira_flipup-iso2-1536x1536.jpg 1536w, https:\/\/www.clean-air.cz\/wp-content\/uploads\/2022\/02\/Omnira_flipup-iso2-800x800.jpg 800w, https:\/\/www.clean-air.cz\/wp-content\/uploads\/2022\/02\/Omnira_flipup-iso2-250x250.jpg 250w, https:\/\/www.clean-air.cz\/wp-content\/uploads\/2022\/02\/Omnira_flipup-iso2.jpg 1600w\" sizes=\"(max-width: 300px) 100vw, 300px\" \/><\/h3>\n<h3>Sv\u00e1\u0159e\u010dsk\u00e1 kukla Omnira COMBI air<\/h3>\n<p>Sv\u00e1\u0159e\u010dsk\u00e1 kukla s inovativn\u00edm integrovan\u00fdm rozvodem vzduchu a v\u00fdklopn\u00fdm sv\u00e1\u0159e\u010dsk\u00fdm \u0161t\u00edtem. Chr\u00e1n\u00ed zrak a obli\u010dej proti \u0161kodliv\u00e9mu z\u00e1\u0159en\u00ed v\u010detn\u011b intenzivn\u00edho viditeln\u00e9ho sv\u011btla, ultrafialov\u00e9ho (UV) a infra\u010derven\u00e9ho (IR) z\u00e1\u0159en\u00ed, \u017ehav\u00fdm jiskr\u00e1m a rozst\u0159iku vznikaj\u00edc\u00edm p\u0159i sva\u0159ov\u00e1n\u00ed a \u0159ez\u00e1n\u00ed. Nab\u00edz\u00ed tak\u00e9 ochranu proti rychle let\u00edc\u00edm \u010d\u00e1stic\u00edm.<\/p>\n<p><strong>Oblast pou\u017eit\u00ed<\/strong><br \/>\nProdukt Omnira COMBI air je vhodn\u00fd pro brou\u0161en\u00ed a povrchov\u00e9 \u00fapravy v t\u011b\u017ek\u00e9m pr\u016fmyslov\u00e9m prost\u0159ed\u00ed. V kombinaci s zorn\u00edkem DIN5 je vhodn\u00fd pro v\u0161echny operace \u0159ez\u00e1n\u00ed\/sva\u0159ov\u00e1n\u00ed SMAW, MIG \/ MAG, TIG a Plazma.<\/p>\n<p><img loading=\"lazy\" decoding=\"async\" class=\"alignnone wp-image-757 \" src=\"https:\/\/www.clean-air.cz\/wp-content\/uploads\/2018\/06\/svarovaci-stit-120.png\" alt=\"\" width=\"58\" height=\"70\" \/> <img loading=\"lazy\" decoding=\"async\" class=\"alignnone wp-image-756\" src=\"https:\/\/www.clean-air.cz\/wp-content\/uploads\/2018\/06\/stit-120.png\" alt=\"\" width=\"58\" height=\"70\" \/>\u00a0<img loading=\"lazy\" decoding=\"async\" class=\"alignnone wp-image-754\" src=\"https:\/\/www.clean-air.cz\/wp-content\/uploads\/2018\/06\/plice-120.png\" alt=\"\" width=\"81\" height=\"70\" \/>[\/vc_column_text][vc_btn title=&#8220;V\u00edce informac\u00ed o produktu&#8220; shape=&#8220;square&#8220; color=&#8220;juicy-pink&#8220; i_icon_fontawesome=&#8220;fas fa-arrow-right&#8220; add_icon=&#8220;true&#8220; link=&#8220;url:https%3A%2F%2Fwww.clean-air.cz%2Fcs%2Fhlavove-dily%2Fsvareci-kukly%2Fomnira-combi%2F|title:Sv%C3%A1%C5%99e%C4%8Dsk%C3%A1%20kukla%20Omnira%20COMBI%20air|&#8220;][\/vc_tta_section][vc_tta_section title=&#8220;Verus air&#8220; tab_id=&#8220;1646401974869-1ff10ad9-8e79&#8243;][vc_column_text]<\/p>\n<h3><img loading=\"lazy\" decoding=\"async\" class=\"alignnone size-medium wp-image-14711\" src=\"https:\/\/www.clean-air.cz\/wp-content\/uploads\/2022\/01\/703001_Verus_air-iso-300x300.jpg\" alt=\"\" width=\"300\" height=\"300\" srcset=\"https:\/\/www.clean-air.cz\/wp-content\/uploads\/2022\/01\/703001_Verus_air-iso-300x300.jpg 300w, https:\/\/www.clean-air.cz\/wp-content\/uploads\/2022\/01\/703001_Verus_air-iso-1024x1024.jpg 1024w, https:\/\/www.clean-air.cz\/wp-content\/uploads\/2022\/01\/703001_Verus_air-iso-150x150.jpg 150w, https:\/\/www.clean-air.cz\/wp-content\/uploads\/2022\/01\/703001_Verus_air-iso-768x768.jpg 768w, https:\/\/www.clean-air.cz\/wp-content\/uploads\/2022\/01\/703001_Verus_air-iso-800x800.jpg 800w, https:\/\/www.clean-air.cz\/wp-content\/uploads\/2022\/01\/703001_Verus_air-iso-250x250.jpg 250w, https:\/\/www.clean-air.cz\/wp-content\/uploads\/2022\/01\/703001_Verus_air-iso.jpg 1200w\" sizes=\"(max-width: 300px) 100vw, 300px\" \/><\/h3>\n<h3>Sv\u00e1\u0159e\u010dsk\u00e1 kukla Verus air<\/h3>\n<p>Sv\u00e1\u0159e\u010dsk\u00e1 kukla s inovativn\u00edm syst\u00e9mem rozvodu vzduchu zvy\u0161uje u\u017eivatelk\u00fd komfort a ochranu d\u00fdchac\u00edch cest bez kompromis\u016f.<\/p>\n<p><strong>Oblast pou\u017eit\u00ed<\/strong><br \/>\nVerus air je profesion\u00e1ln\u00ed sv\u00e1\u0159e\u010dsk\u00e1 kukla vhodn\u00e1 pro v\u011bt\u0161inu sva\u0159ovac\u00edch metod, jako je MIG\/MAG, TIG, plasmov\u00e9 \u0159ez\u00e1n\u00ed a sva\u0159ov\u00e1n\u00ed, dr\u00e1\u017ekov\u00e1n\u00ed uhl\u00edkovou elektrodou a sva\u0159ov\u00e1n\u00ed a \u0159ez\u00e1n\u00ed plamenem.<\/p>\n<p><img loading=\"lazy\" decoding=\"async\" class=\"alignnone wp-image-757 \" src=\"https:\/\/www.clean-air.cz\/wp-content\/uploads\/2018\/06\/svarovaci-stit-120.png\" alt=\"\" width=\"58\" height=\"70\" \/>\u00a0<img loading=\"lazy\" decoding=\"async\" class=\"alignnone wp-image-754\" src=\"https:\/\/www.clean-air.cz\/wp-content\/uploads\/2018\/06\/plice-120.png\" alt=\"\" width=\"81\" height=\"70\" \/>[\/vc_column_text][vc_btn title=&#8220;V\u00edce informac\u00ed o produktu&#8220; shape=&#8220;square&#8220; color=&#8220;juicy-pink&#8220; i_icon_fontawesome=&#8220;fas fa-arrow-right&#8220; add_icon=&#8220;true&#8220; link=&#8220;url:https%3A%2F%2Fwww.clean-air.cz%2Fcs%2Fhlavove-dily%2Fsvareci-kukly%2Fverus%2F|title:Sv%C3%A1%C5%99e%C4%8Dsk%C3%A1%20kukla%20Verus%20air|&#8220;][\/vc_tta_section][vc_tta_section title=&#8220;SUMMIT air&#8220; tab_id=&#8220;1671114222473-f9b729ea-d206&#8243;][vc_column_text]<\/p>\n<h3><img loading=\"lazy\" decoding=\"async\" class=\"alignnone size-medium wp-image-17193\" src=\"https:\/\/www.clean-air.cz\/wp-content\/uploads\/2022\/09\/70-34-01_AerTEC_SUMMIT_air-iso-300x300.jpg\" alt=\"\" width=\"300\" height=\"300\" srcset=\"https:\/\/www.clean-air.cz\/wp-content\/uploads\/2022\/09\/70-34-01_AerTEC_SUMMIT_air-iso-300x300.jpg 300w, https:\/\/www.clean-air.cz\/wp-content\/uploads\/2022\/09\/70-34-01_AerTEC_SUMMIT_air-iso-1024x1024.jpg 1024w, https:\/\/www.clean-air.cz\/wp-content\/uploads\/2022\/09\/70-34-01_AerTEC_SUMMIT_air-iso-150x150.jpg 150w, https:\/\/www.clean-air.cz\/wp-content\/uploads\/2022\/09\/70-34-01_AerTEC_SUMMIT_air-iso-768x768.jpg 768w, https:\/\/www.clean-air.cz\/wp-content\/uploads\/2022\/09\/70-34-01_AerTEC_SUMMIT_air-iso-1536x1536.jpg 1536w, https:\/\/www.clean-air.cz\/wp-content\/uploads\/2022\/09\/70-34-01_AerTEC_SUMMIT_air-iso-800x800.jpg 800w, https:\/\/www.clean-air.cz\/wp-content\/uploads\/2022\/09\/70-34-01_AerTEC_SUMMIT_air-iso-250x250.jpg 250w, https:\/\/www.clean-air.cz\/wp-content\/uploads\/2022\/09\/70-34-01_AerTEC_SUMMIT_air-iso.jpg 1600w\" sizes=\"(max-width: 300px) 100vw, 300px\" \/><\/h3>\n<h3>Sv\u00e1\u0159e\u010dsk\u00e1 kukla SUMMIT air<\/h3>\n<p>Sv\u00e1\u0159e\u010dsk\u00e1 kukla se syst\u00e9mem rozvodu vzduchu zvy\u0161uje u\u017eivatelsk\u00fd komfort a ochranu<br \/>\nd\u00fdchac\u00edch cest bez kompromis\u016f. Dostupn\u00e1 t\u00e9\u017e varianta SUMMIT bez rozvodu vzduchu.<\/p>\n<p><strong>Oblast pou\u017eit\u00ed<\/strong><br \/>\nSUMMIT air je spolehliv\u00e1 sv\u00e1\u0159e\u010dsk\u00e1 kukla vhodn\u00e1 pro v\u011bt\u0161inu sva\u0159ovac\u00edch metod, jako je MIG\/ \/MAG, TIG, plasmov\u00e9 \u0159ez\u00e1n\u00ed a sva\u0159ov\u00e1n\u00ed, dr\u00e1\u017ekov\u00e1n\u00ed uhl\u00edkovou elektrodou a sva\u0159ov\u00e1n\u00ed a \u0159ez\u00e1n\u00ed plamenem. Nen\u00ed vhodn\u00e1 pro laserov\u00e9 sva\u0159ov\u00e1n\u00ed.<\/p>\n<p><img loading=\"lazy\" decoding=\"async\" class=\"alignnone wp-image-54 \" src=\"https:\/\/www.clean-air.cz\/wp-content\/uploads\/2018\/06\/svarovaci-stit-120.png\" alt=\"\" width=\"58\" height=\"70\" \/>\u00a0<img loading=\"lazy\" decoding=\"async\" class=\"alignnone wp-image-51\" src=\"https:\/\/www.clean-air.cz\/wp-content\/uploads\/2018\/06\/plice-120.png\" alt=\"\" width=\"81\" height=\"70\" \/>[\/vc_column_text][vc_btn title=&#8220;V\u00edce informac\u00ed o produktu&#8220; shape=&#8220;square&#8220; color=&#8220;juicy-pink&#8220; i_icon_fontawesome=&#8220;fas fa-arrow-right&#8220; add_icon=&#8220;true&#8220; link=&#8220;url:https%3A%2F%2Fwww.clean-air.cz%2Fcs%2Fhlavove-dily%2Fsvareci-kukly%2Fsummit-air%2F|title:Sv%C3%A1%C5%99e%C4%8Dsk%C3%A1%20kukla%20Verus%20air|&#8220;][\/vc_tta_section][vc_tta_section title=&#8220;CA-40&#8243; tab_id=&#8220;1529908036190-23c5b3b8-518d&#8220;][vc_column_text]<\/p>\n<h3><img loading=\"lazy\" decoding=\"async\" class=\"alignnone size-medium wp-image-14528\" src=\"https:\/\/www.clean-air.cz\/wp-content\/uploads\/2021\/12\/704100_CA-40-front-300x300.jpg\" alt=\"\" width=\"300\" height=\"300\" srcset=\"https:\/\/www.clean-air.cz\/wp-content\/uploads\/2021\/12\/704100_CA-40-front-300x300.jpg 300w, https:\/\/www.clean-air.cz\/wp-content\/uploads\/2021\/12\/704100_CA-40-front-1024x1024.jpg 1024w, https:\/\/www.clean-air.cz\/wp-content\/uploads\/2021\/12\/704100_CA-40-front-150x150.jpg 150w, https:\/\/www.clean-air.cz\/wp-content\/uploads\/2021\/12\/704100_CA-40-front-768x768.jpg 768w, https:\/\/www.clean-air.cz\/wp-content\/uploads\/2021\/12\/704100_CA-40-front-1536x1536.jpg 1536w, https:\/\/www.clean-air.cz\/wp-content\/uploads\/2021\/12\/704100_CA-40-front-800x800.jpg 800w, https:\/\/www.clean-air.cz\/wp-content\/uploads\/2021\/12\/704100_CA-40-front-250x250.jpg 250w, https:\/\/www.clean-air.cz\/wp-content\/uploads\/2021\/12\/704100_CA-40-front.jpg 1600w\" sizes=\"(max-width: 300px) 100vw, 300px\" \/><\/h3>\n<h3>Ochrann\u00e1 p\u0159ilba CA-40 se sv\u00e1\u0159e\u010dsk\u00fdm \u0161t\u00edtem<\/h3>\n<p>Kombinace brusn\u00e9ho a sv\u00e1\u0159e\u010dsk\u00e9ho \u0161t\u00edtu s bezpe\u010dnostn\u00ed p\u0159ilbou s integrovan\u00fdm syst\u00e9mem rozvodu vzduchu. Zaji\u0161\u0165uje ochranu hlavy, d\u00fdchac\u00edch cest, zraku, obli\u010deje a sluchu. Sv\u00e9 uplatn\u011bn\u00ed najde jako ochrana p\u0159i sva\u0159ov\u00e1n\u00ed v n\u00e1ro\u010dn\u00fdch pr\u016fmyslov\u00fdch podm\u00ednk\u00e1ch.<\/p>\n<p><strong>Oblast pou\u017eit\u00ed<\/strong><\/p>\n<ul>\n<li>Vhodn\u00e1 pro v\u011bt\u0161inu sv\u00e1\u0159e\u010dsk\u00fdch metod v n\u00e1ro\u010dn\u00e9m pr\u016fmyslov\u00e9m prost\u0159ed\u00ed<\/li>\n<li>Automobilov\u00fd pr\u016fmysl, lod\u011bnice, stavebnictv\u00ed<\/li>\n<\/ul>\n<p><img loading=\"lazy\" decoding=\"async\" class=\"alignnone wp-image-753 \" src=\"https:\/\/www.clean-air.cz\/wp-content\/uploads\/2018\/06\/helma-120.png\" alt=\"\" width=\"54\" height=\"70\" \/>\u00a0<img loading=\"lazy\" decoding=\"async\" class=\"alignnone wp-image-755\" src=\"https:\/\/www.clean-air.cz\/wp-content\/uploads\/2018\/06\/sluchatka-120.png\" alt=\"\" width=\"72\" height=\"70\" \/>\u00a0<img loading=\"lazy\" decoding=\"async\" class=\"alignnone wp-image-756\" src=\"https:\/\/www.clean-air.cz\/wp-content\/uploads\/2018\/06\/stit-120.png\" alt=\"\" width=\"58\" height=\"70\" \/>\u00a0<img loading=\"lazy\" decoding=\"async\" class=\"alignnone wp-image-757\" src=\"https:\/\/www.clean-air.cz\/wp-content\/uploads\/2018\/06\/svarovaci-stit-120.png\" alt=\"\" width=\"58\" height=\"70\" \/>\u00a0<img loading=\"lazy\" decoding=\"async\" class=\"alignnone wp-image-754\" src=\"https:\/\/www.clean-air.cz\/wp-content\/uploads\/2018\/06\/plice-120.png\" alt=\"\" width=\"81\" height=\"70\" \/>[\/vc_column_text][vc_btn title=&#8220;V\u00edce informac\u00ed o produktu&#8220; shape=&#8220;square&#8220; color=&#8220;juicy-pink&#8220; i_icon_fontawesome=&#8220;fa fa-arrow-right&#8220; add_icon=&#8220;true&#8220; link=&#8220;url:https%3A%2F%2Fwww.clean-air.cz%2Fcs%2Fhlavove-dily%2Fsvareci-kukly%2Fochranna-prilba-ca-40-se-svarecskym-stitem%2F|title:Ochrann%C3%A1%20p%C5%99ilba%20CA-40%20se%20sv%C3%A1%C5%99e%C4%8Dsk%C3%BDm%20%C5%A1t%C3%ADtem|&#8220;][\/vc_tta_section][vc_tta_section title=&#8220;CA-40GW&#8220; tab_id=&#8220;1529909274439-3f41cf2d-1696&#8243;][vc_column_text]<br \/>\n<img loading=\"lazy\" decoding=\"async\" class=\"alignnone size-medium wp-image-7903\" src=\"https:\/\/www.clean-air.cz\/wp-content\/uploads\/2021\/12\/704201_CA-40GW_hluchatka-iso-up-300x300.jpg\" alt=\"\" width=\"280\" height=\"300\" \/><\/p>\n<h3>Ochrann\u00e1 p\u0159ilba CA-40GW s brusn\u00fdm a sv\u00e1\u0159e\u010dsk\u00fdm \u0161t\u00edtem.<\/h3>\n<p>Kombinace brusn\u00e9ho a sv\u00e1\u0159e\u010dsk\u00e9ho \u0161t\u00edtu s bezpe\u010dnostn\u00ed p\u0159ilbou s integrovan\u00fdm syst\u00e9mem rozvodu vzduchu. Zaji\u0161\u0165uje ochranu hlavy, d\u00fdchac\u00edch cest, zraku, obli\u010deje a sluchu. Sv\u00e9 uplatn\u011bn\u00ed najde jako ochrana p\u0159i sva\u0159ov\u00e1n\u00ed v n\u00e1ro\u010dn\u00fdch<br \/>\npr\u016fmyslov\u00fdch podm\u00ednk\u00e1ch.<\/p>\n<p><strong>Oblast pou\u017eit\u00ed<\/strong><\/p>\n<ul>\n<li>T\u011b\u017ek\u00e9 pr\u016fmyslov\u00e9 provozy \u2013 v\u0161ude tam kde je nezbytn\u00e9 prov\u00e1d\u011bt p\u0159\u00edpravn\u00e9 pr\u00e1ce(up\u00edn\u00e1n\u00ed, umis\u0165ov\u00e1n\u00ed, transport), nebo kde po sv\u00e1\u0159en\u00ed bezprost\u0159edn\u011b n\u00e1sleduj\u00ed dal\u0161\u00ed povrchov\u00e9 \u00fapravy (brou\u0161en\u00ed, \u010di\u0161t\u011bn\u00ed, atp.)<\/li>\n<li>Automobilov\u00fd pr\u016fmysl, lod\u011bnice, stavebnictv\u00ed<\/li>\n<\/ul>\n<p><img loading=\"lazy\" decoding=\"async\" class=\"alignnone wp-image-753 \" src=\"https:\/\/www.clean-air.cz\/wp-content\/uploads\/2018\/06\/helma-120.png\" alt=\"\" width=\"54\" height=\"70\" \/>\u00a0<img loading=\"lazy\" decoding=\"async\" class=\"alignnone wp-image-755\" src=\"https:\/\/www.clean-air.cz\/wp-content\/uploads\/2018\/06\/sluchatka-120.png\" alt=\"\" width=\"72\" height=\"70\" \/>\u00a0<img loading=\"lazy\" decoding=\"async\" class=\"alignnone wp-image-756\" src=\"https:\/\/www.clean-air.cz\/wp-content\/uploads\/2018\/06\/stit-120.png\" alt=\"\" width=\"58\" height=\"70\" \/>\u00a0<img loading=\"lazy\" decoding=\"async\" class=\"alignnone wp-image-757\" src=\"https:\/\/www.clean-air.cz\/wp-content\/uploads\/2018\/06\/svarovaci-stit-120.png\" alt=\"\" width=\"58\" height=\"70\" \/>\u00a0<img loading=\"lazy\" decoding=\"async\" class=\"alignnone wp-image-754\" src=\"https:\/\/www.clean-air.cz\/wp-content\/uploads\/2018\/06\/plice-120.png\" alt=\"\" width=\"81\" height=\"70\" \/>[\/vc_column_text][vc_btn title=&#8220;V\u00edce informac\u00ed o produktu&#8220; shape=&#8220;square&#8220; color=&#8220;juicy-pink&#8220; i_icon_fontawesome=&#8220;fa fa-arrow-right&#8220; add_icon=&#8220;true&#8220; link=&#8220;url:https%3A%2F%2Fwww.clean-air.cz%2Fcs%2Fhlavove-dily%2Fsvareci-kukly%2Fochranna-prilba-ca-40gw%2F|title:Ochrann%C3%A1%20p%C5%99ilba%20CA-40GW%20s%20brusn%C3%BDm%20a%20sv%C3%A1%C5%99e%C4%8Dsk%C3%BDm%20%C5%A1t%C3%ADtem|&#8220;][\/vc_tta_section][vc_tta_section title=&#8220;AerTEC\u2122 OptoMAX&#8220; tab_id=&#8220;1529910379656-a8bce081-0007&#8243;][vc_column_text]<img loading=\"lazy\" decoding=\"async\" class=\"alignnone wp-image-7810 size-medium\" src=\"https:\/\/www.clean-air.cz\/wp-content\/uploads\/2019\/11\/OptoMAX-iso-copy-237x300.jpg\" alt=\"\" width=\"237\" height=\"300\" \/><\/p>\n<h3>Sv\u00e1\u0159e\u010dsk\u00e1 kukla AerTEC\u2122 OptoMAX<\/h3>\n<p>Perfektn\u00ed vid\u011bn\u00ed p\u0159i sva\u0159ov\u00e1n\u00ed d\u00edky \u0161pi\u010dkov\u00e9 technologii samostm\u00edvac\u00edch kazet zna\u010dky Optrel. Funkce Autopilot \u2013 pln\u011b automatizovan\u00e9 nastaven\u00ed stupn\u011b tmavosti pro libovolnou sv\u00e1\u0159e\u010dskou aplikaci v rozsahu 5-13. P\u0159irozen\u00e9 barvy v cel\u00e9m rozsahu a ultra-HD kvalit\u011b v optick\u00e9 t\u0159\u00edd\u011b 1\/1\/1\/1. Integrovan\u00fd rozvod p\u0159iv\u00e1d\u00ed vzduch p\u0159\u00edmo do d\u00fdchac\u00ed z\u00f3ny.<\/p>\n<p><strong>Oblast pou\u017eit\u00ed<\/strong><br \/>\nJak\u00fdkoli proces sva\u0159ov\u00e1n\u00ed elektrick\u00fdm obloukem. Sva\u0159ov\u00e1n\u00ed elektrodami (Stick Welding, SMAW) \/ MIG \/ MAG (GMAW) \/ GMAW Proces s\u00a0vysokou rychlost\u00ed taven\u00ed \/ TIG sva\u0159ov\u00e1n\u00ed (GTAW) \/ Plazmov\u00e9 obloukov\u00e9 sva\u0159ov\u00e1n\u00ed \/ Plazmov\u00e9 \u0159ez\u00e1n\u00ed a\u00a0sva\u0159ov\u00e1n\u00ed kysl\u00edkem \/ brou\u0161en\u00ed v\u00a0re\u017eimu brou\u0161en\u00ed.<\/p>\n<p><img loading=\"lazy\" decoding=\"async\" class=\"alignnone wp-image-54 \" src=\"https:\/\/www.clean-air.cz\/wp-content\/uploads\/2018\/06\/svarovaci-stit-120.png\" alt=\"\" width=\"58\" height=\"70\" \/>\u00a0<img loading=\"lazy\" decoding=\"async\" class=\"alignnone wp-image-51\" src=\"https:\/\/www.clean-air.cz\/wp-content\/uploads\/2018\/06\/plice-120.png\" alt=\"\" width=\"81\" height=\"70\" \/>[\/vc_column_text][vc_btn title=&#8220;V\u00edce informac\u00ed o produktu&#8220; shape=&#8220;square&#8220; color=&#8220;juicy-pink&#8220; i_icon_fontawesome=&#8220;fa fa-arrow-right&#8220; add_icon=&#8220;true&#8220; link=&#8220;url:https%3A%2F%2Fwww.clean-air.cz%2Fcs%2Fhlavove-dily%2Fsvareci-kukly%2Faertec-optomax%2F|title:Sv%C3%A1%C5%99e%C4%8Dsk%C3%A1%20kukla%20AerTEC%E2%84%A2%20OptoMAX|&#8220;][\/vc_tta_section][vc_tta_section title=&#8220;CA-27&#8243; tab_id=&#8220;1575011178375-5253249b-60ab&#8220;][vc_column_text]<img loading=\"lazy\" decoding=\"async\" class=\"alignnone size-medium wp-image-7784\" src=\"https:\/\/www.clean-air.cz\/wp-content\/uploads\/2019\/11\/702701_YOGA-iso-copy-3-206x300.jpg\" alt=\"\" width=\"206\" height=\"300\" \/><\/p>\n<h3>Sv\u00e1\u0159e\u010dsk\u00e1 kukla CA-27 YOGA<\/h3>\n<p>Nov\u00e1 sv\u00e1\u0159e\u010dsk\u00e1 kukla se zabudovan\u00fdm syst\u00e9mem rozvodu vzduchu a kvalitn\u00ed samostm\u00edvac\u00ed kazetou AerTEC\u00ae X100. V kombinaci s filtra\u010dn\u011b ventila\u010dn\u00edmi jednotkami \u010di syst\u00e9my tlakov\u00e9ho vzduchu CleanAIR\u00ae poskytuje pokro\u010dilou \u00farove\u0148 ochrany p\u0159ed nebezpe\u010dn\u00fdmi kontaminanty v n\u00e1ro\u010dn\u00fdch provozech.<\/p>\n<p><strong>Oblast pou\u017eit\u00ed<\/strong><\/p>\n<ul>\n<li>Vhodn\u00e1 ochrana pro v\u0161echny sv\u00e1\u0159e\u010dsk\u00e9 metody.<\/li>\n<\/ul>\n<p><img loading=\"lazy\" decoding=\"async\" class=\"alignnone wp-image-54 \" src=\"https:\/\/www.clean-air.cz\/wp-content\/uploads\/2018\/06\/svarovaci-stit-120.png\" alt=\"\" width=\"58\" height=\"70\" \/>\u00a0<img loading=\"lazy\" decoding=\"async\" class=\"alignnone wp-image-51\" src=\"https:\/\/www.clean-air.cz\/wp-content\/uploads\/2018\/06\/plice-120.png\" alt=\"\" width=\"81\" height=\"70\" \/>[\/vc_column_text][vc_btn title=&#8220;V\u00edce informac\u00ed o produktu&#8220; shape=&#8220;square&#8220; color=&#8220;juicy-pink&#8220; i_icon_fontawesome=&#8220;fa fa-arrow-right&#8220; add_icon=&#8220;true&#8220; link=&#8220;url:https%3A%2F%2Fwww.clean-air.cz%2Fcs%2Fhlavove-dily%2Fsvareci-kukly%2Fsvarecska-kukla-ca-27-yoga%2F|title:Sv%C3%A1%C5%99e%C4%8Dsk%C3%A1%20kukla%20CA-27%20YOGA|&#8220;][\/vc_tta_section][vc_tta_section title=&#8220;CA-28&#8243; tab_id=&#8220;1529910030332-e25d517c-c385&#8243;][vc_column_text]<img loading=\"lazy\" decoding=\"async\" class=\"wp-image-248 size-medium alignleft\" src=\"https:\/\/www.clean-air.cz\/wp-content\/uploads\/2018\/06\/CA-28_Euromaski_small_darker-iso-copy-289x300.jpg\" alt=\"\" width=\"289\" height=\"300\" \/><\/p>\n<h3>Sv\u00e1\u0159e\u010dsk\u00e1 kukla CA-28 Euromaski<\/h3>\n<p>CA-28 Euromaski je kukla navr\u017eena pro pou\u017eit\u00ed s filtra\u010dn\u011b-ventila\u010dn\u00edmi jednotkami CleanAIR\u00ae. a syst\u00e9my tlakov\u00e9ho vzduchu CleanAIR\u00ae Pressure k ochran\u011b d\u00fdchac\u00edch cest, obli\u010deje a zraku proti \u0161kodliv\u00e9mu ultra fialov\u00e9mu \/ infra\u010derven\u00e9mu z\u00e1\u0159en\u00ed a sv\u00e1\u0159ec\u00edmu rozst\u0159iku. P\u0159edstavuje ergonomick\u00e9 a lehk\u00e9 \u0159e\u0161en\u00ed pro v\u011bt\u0161inu sv\u00e1\u0159e\u010dsk\u00fdch aplikac\u00ed. D\u00edky stabiln\u00edmu odkl\u00e1p\u011bc\u00edmu sv\u00e1\u0159e\u010dsk\u00e9mu zorn\u00edku poskytuje excelentn\u00ed ochranu p\u0159i sva\u0159ov\u00e1n\u00ed, n\u00e1sledn\u00e9m \u010di\u0161t\u011bn\u00ed a brou\u0161en\u00ed. \u0160irok\u00fd zaoblen\u00fd ochrann\u00fd zorn\u00edk zaji\u0161\u0165uje dokonal\u00fd v\u00fdhled do v\u0161ech sm\u011br\u016f a spl\u0148uje po\u017eadavky definovan\u00e9 normou EN 166, t\u0159\u00edda \u201cB\u201d ochrany zorn\u00edku proti let\u00edc\u00edm \u010d\u00e1stic\u00edm 120 m\/s.<\/p>\n<p><strong>Oblast pou\u017eit\u00ed<\/strong><\/p>\n<ul>\n<li>Vhodn\u00e1 pro v\u011bt\u0161inu sv\u00e1\u0159e\u010dsk\u00fdch aplikac\u00ed, brou\u0161en\u00ed a \u010di\u0161t\u011bn\u00ed<\/li>\n<\/ul>\n<p><img loading=\"lazy\" decoding=\"async\" class=\"alignnone wp-image-53\" src=\"https:\/\/www.clean-air.cz\/wp-content\/uploads\/2018\/06\/stit-120.png\" alt=\"\" width=\"58\" height=\"70\" \/>\u00a0<img loading=\"lazy\" decoding=\"async\" class=\"alignnone wp-image-54\" src=\"https:\/\/www.clean-air.cz\/wp-content\/uploads\/2018\/06\/svarovaci-stit-120.png\" alt=\"\" width=\"58\" height=\"70\" \/>\u00a0<img loading=\"lazy\" decoding=\"async\" class=\"alignnone wp-image-51\" src=\"https:\/\/www.clean-air.cz\/wp-content\/uploads\/2018\/06\/plice-120.png\" alt=\"\" width=\"81\" height=\"70\" \/>[\/vc_column_text][vc_btn title=&#8220;V\u00edce informac\u00ed o produktu&#8220; shape=&#8220;square&#8220; color=&#8220;juicy-pink&#8220; i_icon_fontawesome=&#8220;fa fa-arrow-right&#8220; add_icon=&#8220;true&#8220; link=&#8220;url:https%3A%2F%2Fwww.clean-air.cz%2Fcs%2Fhlavove-dily%2Fsvareci-kukly%2Fca-28-euromaski%2F|title:Sv%C3%A1%C5%99e%C4%8Dsk%C3%A1%20kukla%20CA-28%20Euromaski|&#8220;][\/vc_tta_section][vc_tta_section title=&#8220;ARES II&#8220; tab_id=&#8220;1529906165894-e8741d2d-c095&#8243;][vc_column_text]<img loading=\"lazy\" decoding=\"async\" class=\"wp-image-206 size-medium alignnone\" src=\"https:\/\/www.clean-air.cz\/wp-content\/uploads\/2018\/06\/Ares_II-front-copy-196x300.jpg\" alt=\"\" width=\"196\" height=\"300\" srcset=\"https:\/\/www.clean-air.cz\/wp-content\/uploads\/2018\/06\/Ares_II-front-copy-196x300.jpg 196w, https:\/\/www.clean-air.cz\/wp-content\/uploads\/2018\/06\/Ares_II-front-copy.jpg 522w\" sizes=\"(max-width: 196px) 100vw, 196px\" \/><\/p>\n<h3>ARES II<\/h3>\n<p>Ko\u017een\u00e1 sv\u00e1\u0159e\u010dsk\u00e1 kukla CleanAIR\u00ae ARES II do nejn\u00e1ro\u010dn\u011bj\u0161\u00edch podm\u00ednek pr\u016fmyslov\u00fdch provoz\u016f. Zaji\u0161\u0165uje plnou ochranu horn\u00ed \u010d\u00e1sti t\u011bla v nejn\u00e1ro\u010dn\u011bj\u0161\u00edch podm\u00ednk\u00e1ch.<\/p>\n<p><strong>Oblast pou\u017eit\u00ed<\/strong><br \/>\nSva\u0159ov\u00e1n\u00ed v nejn\u00e1ro\u010dn\u011bj\u0161\u00edm pr\u016fmyslov\u00e9m prost\u0159ed\u00ed<\/p>\n<p><img loading=\"lazy\" decoding=\"async\" class=\"alignnone wp-image-50 \" src=\"https:\/\/www.clean-air.cz\/wp-content\/uploads\/2018\/06\/helma-120.png\" alt=\"\" width=\"54\" height=\"70\" \/>\u00a0<img loading=\"lazy\" decoding=\"async\" class=\"alignnone wp-image-52\" src=\"https:\/\/www.clean-air.cz\/wp-content\/uploads\/2018\/06\/sluchatka-120.png\" alt=\"\" width=\"72\" height=\"70\" \/>\u00a0<img loading=\"lazy\" decoding=\"async\" class=\"alignnone wp-image-53\" src=\"https:\/\/www.clean-air.cz\/wp-content\/uploads\/2018\/06\/stit-120.png\" alt=\"\" width=\"58\" height=\"70\" \/>\u00a0<img loading=\"lazy\" decoding=\"async\" class=\"alignnone wp-image-54\" src=\"https:\/\/www.clean-air.cz\/wp-content\/uploads\/2018\/06\/svarovaci-stit-120.png\" alt=\"\" width=\"58\" height=\"70\" \/>\u00a0<img loading=\"lazy\" decoding=\"async\" class=\"alignnone wp-image-51\" src=\"https:\/\/www.clean-air.cz\/wp-content\/uploads\/2018\/06\/plice-120.png\" alt=\"\" width=\"81\" height=\"70\" \/>[\/vc_column_text][vc_btn title=&#8220;V\u00edce informac\u00ed o produktu&#8220; shape=&#8220;square&#8220; color=&#8220;juicy-pink&#8220; i_icon_fontawesome=&#8220;fa fa-arrow-right&#8220; add_icon=&#8220;true&#8220; link=&#8220;url:https%3A%2F%2Fwww.clean-air.cz%2Fcs%2Fhlavove-dily%2Fsvareci-kukly%2Fsvarecska-kukla-ares-ii%2F|title:Ko%C5%BEen%C3%A1%20sv%C3%A1%C5%99e%C4%8Dsk%C3%A1%20kukla%20CleanAIR%C2%AE%20ARES%20II%20|&#8220;][\/vc_tta_section][vc_tta_section title=&#8220;CA-29 &#8211; PRODEJ UKON\u010cEN&#8220; tab_id=&#8220;1529910270231-41cec7ac-c843&#8243;][vc_column_text]<img loading=\"lazy\" decoding=\"async\" class=\"alignnone size-medium wp-image-7651\" src=\"https:\/\/www.clean-air.cz\/wp-content\/uploads\/2023\/10\/CA29_Discont_web.png\" alt=\"\" width=\"300\" height=\"284\" \/><\/p>\n<h3>Welding helmet CA-29 Evolve<\/h3>\n<h4><span style=\"color: #ff0000;\">Discontinued starting April 2026.<br \/>\n<span style=\"color: #000000;\">All the consumables and spare parts remains available untill further notice.<\/span><br \/>\n<\/span><\/h4>\n<p>Ergonomic in its design, CA-29 Evolve is featuring a lightweight flip-up combination of an auto-darkening welding helmet and a transparent protective visor. Thanks to the stable flip-up welding visor, this helmet provides an excellent protection for welding and subsequent surface finishing operations.<\/p>\n<p>The flip-up front can be lifted up onto the top of the helmet, whenever a wide view is needed. The unique flip-up mechanism optimises the center of gravity and reduces the required space. The flip-up welding shield allows using either of an auto-darkening filter or a passive welding filter with standard dimension 110\u00d790 mm and thus provides protection of the face and eyes against harmful ultraviolet\/infrared radiation and welding spatters.<\/p>\n<p><strong>Areas of application\u00a0<\/strong><\/p>\n<p>Suitable for most of the welding methods and subsequent cleaning and grinding operations.<\/p>\n<p><img loading=\"lazy\" decoding=\"async\" class=\"alignnone wp-image-53\" src=\"https:\/\/www.clean-air.cz\/wp-content\/uploads\/2018\/06\/stit-120.png\" alt=\"\" width=\"58\" height=\"70\" \/>\u00a0<img loading=\"lazy\" decoding=\"async\" class=\"alignnone wp-image-54\" src=\"https:\/\/www.clean-air.cz\/wp-content\/uploads\/2018\/06\/svarovaci-stit-120.png\" alt=\"\" width=\"58\" height=\"70\" \/>\u00a0<img loading=\"lazy\" decoding=\"async\" class=\"alignnone wp-image-51\" src=\"https:\/\/www.clean-air.cz\/wp-content\/uploads\/2018\/06\/plice-120.png\" alt=\"\" width=\"81\" height=\"70\" \/>[\/vc_column_text][vc_btn title=&#8220;V\u00edce informac\u00ed o produktu&#8220; shape=&#8220;square&#8220; color=&#8220;juicy-pink&#8220; i_icon_fontawesome=&#8220;fa fa-arrow-right&#8220; add_icon=&#8220;true&#8220; link=&#8220;url:https%3A%2F%2Fwww.clean-air.cz%2Fcs%2Fhlavove-dily%2Fsvareci-kukly%2Fsvareci-kukla-ca-29-evolve%2F|title:Sv%C3%A1%C5%99e%C4%8Dsk%C3%A1%20kukla%20CA-29%20Evolve|&#8220;][\/vc_tta_section][vc_tta_section title=&#8220;AerTEC\u2122 RangeMAX &#8211; DISCONTINUED&#8220; tab_id=&#8220;1575011496848-052aa16d-2b41&#8243;][vc_column_text]<\/p>\n<h3><img loading=\"lazy\" decoding=\"async\" class=\"alignnone size-medium wp-image-25002\" src=\"https:\/\/www.clean-air.cz\/wp-content\/uploads\/2025\/01\/Discont_web_images-300x300.png\" alt=\"\" width=\"300\" height=\"300\" srcset=\"https:\/\/www.clean-air.cz\/wp-content\/uploads\/2025\/01\/Discont_web_images-300x300.png 300w, https:\/\/www.clean-air.cz\/wp-content\/uploads\/2025\/01\/Discont_web_images-1024x1024.png 1024w, https:\/\/www.clean-air.cz\/wp-content\/uploads\/2025\/01\/Discont_web_images-150x150.png 150w, https:\/\/www.clean-air.cz\/wp-content\/uploads\/2025\/01\/Discont_web_images-768x768.png 768w, https:\/\/www.clean-air.cz\/wp-content\/uploads\/2025\/01\/Discont_web_images-1536x1536.png 1536w, https:\/\/www.clean-air.cz\/wp-content\/uploads\/2025\/01\/Discont_web_images-2048x2048.png 2048w, https:\/\/www.clean-air.cz\/wp-content\/uploads\/2025\/01\/Discont_web_images-800x800.png 800w, https:\/\/www.clean-air.cz\/wp-content\/uploads\/2025\/01\/Discont_web_images-250x250.png 250w\" sizes=\"(max-width: 300px) 100vw, 300px\" \/><\/h3>\n<h3>Welding helmet AerTEC\u2122 RangeMAX<\/h3>\n<h4><span style=\"color: #ff0000;\">Discontinued starting January 1, 2025.<\/span><br \/>\nAll the consumables and spare parts remains available until December 2026 or untill further notice.<\/h4>\n<p>The most innovative and ergonomical helmet to date, expanding the welder\u00b4s fi eld of vision without compromising on comfort. The unique nose cut-out fl oats above the nose to position the ADF closer to the eyes.<\/p>\n<p><strong>Areas of application<\/strong><br \/>\nAny electric arc welding process Electrode Welding (Stick Welding, SMAW) \/ MIG \/ MAG (GMAW) \/ GMAW High melting rate process \/ Flux Cored Wire Welding \/ TIG welding (GTAW) \/ Plasma Arc Welding \/ Plasmacutting &amp; Oxy-gas Welding \/ Grinding in Grind Mode. Prohibited for laser welding!<\/p>\n<p><img loading=\"lazy\" decoding=\"async\" class=\"alignnone wp-image-54 \" src=\"https:\/\/www.clean-air.cz\/wp-content\/uploads\/2018\/06\/svarovaci-stit-120.png\" alt=\"\" width=\"58\" height=\"70\" \/>\u00a0<img loading=\"lazy\" decoding=\"async\" class=\"alignnone wp-image-51\" src=\"https:\/\/www.clean-air.cz\/wp-content\/uploads\/2018\/06\/plice-120.png\" alt=\"\" width=\"81\" height=\"70\" \/>[\/vc_column_text][vc_btn title=&#8220;V\u00edce informac\u00ed o produktu&#8220; shape=&#8220;square&#8220; color=&#8220;juicy-pink&#8220; i_icon_fontawesome=&#8220;fa fa-arrow-right&#8220; add_icon=&#8220;true&#8220; link=&#8220;url:https%3A%2F%2Fwww.clean-air.cz%2Fcs%2Fhlavove-dily%2Fsvareci-kukly%2Faertec-rangemax%2F|title:Sv%C3%A1%C5%99e%C4%8Dsk%C3%A1%20kukla%20AerTEC%E2%84%A2%20RangeMAX|&#8220;][\/vc_tta_section][vc_tta_section title=&#8220;CA-20 &#8211; PRODEJ UKON\u010cEN&#8220; tab_id=&#8220;1646401685055-68638172-b1bb&#8220;][vc_column_text]<img loading=\"lazy\" decoding=\"async\" class=\"alignnone wp-image-7598 size-medium\" src=\"https:\/\/www.clean-air.cz\/wp-content\/uploads\/2023\/10\/CA20_Discont_web.png\" alt=\"\" width=\"219\" height=\"300\" \/><\/p>\n<h3>Sv\u00e1\u0159e\u010dsk\u00e1 kukla CA-20<\/h3>\n<h4><span style=\"color: #ba0300;\">Prodej ukon\u010den od 4. \u0159\u00edjna 2023.<\/span><br \/>\nVe\u0161ker\u00fd spot\u0159ebn\u00ed materi\u00e1l a n\u00e1hradn\u00ed d\u00edly z\u016fstanou v prodeji do prosince 2026 nebo do odvol\u00e1n\u00ed..<\/h4>\n<p>Sv\u00e1\u0159e\u010dsk\u00e1 kukla CA-20 je vybavena samostm\u00edvac\u00ed kazetou (Balder Grand), kter\u00e1 vyu\u017e\u00edv\u00e1 revolu\u010dn\u00ed ADC Plus technologi\u00ed. CA-20 p\u0159edstavuje kombinaci vysoce kvalitn\u00ed optick\u00e9 kvality 1\/1\/1\/1 a nejvy\u0161\u0161\u00ed t\u0159\u00eddy ochrany d\u00fdchac\u00edch org\u00e1n\u016f TH3.<\/p>\n<p><strong>Oblast pou\u017eit\u00ed<\/strong><\/p>\n<p>Profesion\u00e1ln\u00ed sv\u00e1\u0159e\u010dsk\u00e1 kukla vhodn\u00e1 pro v\u0161echny metody sva\u0159ov\u00e1n\u00ed v\u010detn\u011b TIG, a to i p\u0159i velmi n\u00edzk\u00fdch proudech.<\/p>\n<p><img loading=\"lazy\" decoding=\"async\" class=\"alignnone wp-image-54 \" src=\"https:\/\/www.clean-air.cz\/wp-content\/uploads\/2018\/06\/svarovaci-stit-120.png\" alt=\"\" width=\"58\" height=\"70\" \/>\u00a0<img loading=\"lazy\" decoding=\"async\" class=\"alignnone wp-image-51\" src=\"https:\/\/www.clean-air.cz\/wp-content\/uploads\/2018\/06\/plice-120.png\" alt=\"\" width=\"81\" height=\"70\" \/>[\/vc_column_text][vc_btn title=&#8220;V\u00edce informac\u00ed o produktu&#8220; shape=&#8220;square&#8220; color=&#8220;juicy-pink&#8220; i_icon_fontawesome=&#8220;fa fa-arrow-right&#8220; add_icon=&#8220;true&#8220; link=&#8220;url:https%3A%2F%2Fwww.clean-air.cz%2Fcs%2Fhlavove-dily%2Fsvareci-kukly%2Fsvarecska-kukla-ca-20%2F|title:Sv%C3%A1%C5%99e%C4%8Dsk%C3%A1%20kukla%20CA-20|&#8220;][\/vc_tta_section][\/vc_tta_tour][\/vc_column][\/vc_row][vc_row content_placement=&#8220;middle&#8220;][vc_column][vc_tta_accordion shape=&#8220;square&#8220; active_section=&#8220;&#8220;][vc_tta_section i_icon_fontawesome=&#8220;fa fa-info-circle&#8220; add_icon=&#8220;true&#8220; title=&#8220;Vysv\u011btlivky k ochrann\u00fdm symbol\u016fm&#8220; tab_id=&#8220;1515066157336-19bc9408-6024&#8243;][vc_column_text]<\/p>\n<table class=\" aligncenter\">\n<tbody>\n<tr>\n<td style=\"text-align: center;\"><a href=\"https:\/\/www.clean-air.cz\/wp-content\/uploads\/2017\/12\/helma.png\"><img loading=\"lazy\" decoding=\"async\" class=\"alignnone wp-image-3149\" src=\"https:\/\/www.clean-air.cz\/wp-content\/uploads\/2017\/12\/helma-229x300.png\" alt=\"\" width=\"76\" height=\"100\" \/><\/a><\/td>\n<td style=\"text-align: center;\"><a href=\"https:\/\/www.clean-air.cz\/wp-content\/uploads\/2017\/12\/svarovaci-stit.png\"><img loading=\"lazy\" decoding=\"async\" class=\"alignnone wp-image-3153\" src=\"https:\/\/www.clean-air.cz\/wp-content\/uploads\/2017\/12\/svarovaci-stit-250x300.png\" alt=\"\" width=\"83\" height=\"100\" \/><\/a><\/td>\n<td style=\"text-align: center;\"><a href=\"https:\/\/www.clean-air.cz\/wp-content\/uploads\/2017\/12\/stit.png\"><img loading=\"lazy\" decoding=\"async\" class=\"alignnone wp-image-3152\" src=\"https:\/\/www.clean-air.cz\/wp-content\/uploads\/2017\/12\/stit-250x300.png\" alt=\"\" width=\"83\" height=\"100\" \/><\/a><\/td>\n<td style=\"text-align: center;\"><a href=\"https:\/\/www.clean-air.cz\/wp-content\/uploads\/2017\/12\/sluchatka.png\"><img loading=\"lazy\" decoding=\"async\" class=\"alignnone wp-image-3151\" src=\"https:\/\/www.clean-air.cz\/wp-content\/uploads\/2017\/12\/sluchatka-300x290.png\" alt=\"\" width=\"104\" height=\"100\" \/><\/a><\/td>\n<td style=\"text-align: center;\"><a href=\"https:\/\/www.clean-air.cz\/wp-content\/uploads\/2017\/12\/plice.png\"><img loading=\"lazy\" decoding=\"async\" class=\"alignnone wp-image-3150\" src=\"https:\/\/www.clean-air.cz\/wp-content\/uploads\/2017\/12\/plice-300x261.png\" alt=\"\" width=\"115\" height=\"100\" \/><\/a><\/td>\n<\/tr>\n<tr>\n<td style=\"text-align: center;\"><span style=\"color: #000000;\">HEAD<\/span><\/td>\n<td style=\"text-align: center;\"><span style=\"color: #000000;\">WELDING<\/span><\/td>\n<td style=\"text-align: center;\"><span style=\"color: #000000;\">EYE AND FACE<\/span><\/td>\n<td style=\"text-align: center;\"><span style=\"color: #000000;\">HEARING<\/span><\/td>\n<td style=\"text-align: center;\"><span style=\"color: #000000;\">RESPIRATORY<\/span><\/td>\n<\/tr>\n<\/tbody>\n<\/table>\n<p>[\/vc_column_text][\/vc_tta_section][\/vc_tta_accordion][vc_separator color=&#8220;juicy_pink&#8220;][\/vc_column][\/vc_row][vc_row][vc_column][\/vc_column][\/vc_row]<\/p>\n","protected":false},"excerpt":{"rendered":"<p>[vc_row css=&#8220;.vc_custom_1515063137650{background-color: #ffffff !important;}&#8220;][vc_column][vc_column_text] Sv\u00e1\u0159e\u010dsk\u00e9 kukly\u00a0s rozvodem vzduchu umo\u017e\u0148uj\u00ed pohodln\u00e9 sva\u0159ov\u00e1n\u00ed s maxim\u00e1ln\u00ed\u00a0ochranou d\u00fdchac\u00edch cest, zraku a obli\u010deje. V na\u0161\u00ed nab\u00eddce naleznete p\u0159edev\u0161\u00edm\u00a0samostm\u00edvac\u00ed sv\u00e1\u0159e\u010dsk\u00e9 kukly. [\/vc_column_text][vc_tta_tour style=&#8220;modern&#8220; shape=&#8220;square&#8220; gap=&#8220;1&#8243; active_section=&#8220;1&#8243; no_fill_content_area=&#8220;true&#8220;][vc_tta_section title=&#8220;Omnira COMBI air&#8220; tab_id=&#8220;1528868639021-8778a5fb-a171&#8243;][vc_column_text] Sv\u00e1\u0159e\u010dsk\u00e1 kukla Omnira COMBI air Sv\u00e1\u0159e\u010dsk\u00e1 kukla s inovativn\u00edm integrovan\u00fdm rozvodem vzduchu a v\u00fdklopn\u00fdm sv\u00e1\u0159e\u010dsk\u00fdm \u0161t\u00edtem. Chr\u00e1n\u00ed zrak a obli\u010dej proti \u0161kodliv\u00e9mu z\u00e1\u0159en\u00ed v\u010detn\u011b intenzivn\u00edho viditeln\u00e9ho sv\u011btla, ultrafialov\u00e9ho (UV) a infra\u010derven\u00e9ho (IR) z\u00e1\u0159en\u00ed, \u017ehav\u00fdm jiskr\u00e1m<\/p>\n<p><a class=\"more-link\" href=\"https:\/\/www.clean-air.cz\/cs\/hlavove-dily\/svareci-kukly\/\">Read More<\/a><\/p>\n","protected":false},"author":11,"featured_media":0,"parent":3248,"menu_order":0,"comment_status":"closed","ping_status":"closed","template":"","meta":{"footnotes":""},"_links":{"self":[{"href":"https:\/\/www.clean-air.cz\/cs\/wp-json\/wp\/v2\/pages\/3369"}],"collection":[{"href":"https:\/\/www.clean-air.cz\/cs\/wp-json\/wp\/v2\/pages"}],"about":[{"href":"https:\/\/www.clean-air.cz\/cs\/wp-json\/wp\/v2\/types\/page"}],"author":[{"embeddable":true,"href":"https:\/\/www.clean-air.cz\/cs\/wp-json\/wp\/v2\/users\/11"}],"replies":[{"embeddable":true,"href":"https:\/\/www.clean-air.cz\/cs\/wp-json\/wp\/v2\/comments?post=3369"}],"version-history":[{"count":0,"href":"https:\/\/www.clean-air.cz\/cs\/wp-json\/wp\/v2\/pages\/3369\/revisions"}],"up":[{"embeddable":true,"href":"https:\/\/www.clean-air.cz\/cs\/wp-json\/wp\/v2\/pages\/3248"}],"wp:attachment":[{"href":"https:\/\/www.clean-air.cz\/cs\/wp-json\/wp\/v2\/media?parent=3369"}],"curies":[{"name":"wp","href":"https:\/\/api.w.org\/{rel}","templated":true}]}}