{"id":3212,"date":"2018-11-06T16:30:22","date_gmt":"2018-11-06T15:30:22","guid":{"rendered":"https:\/\/www.clean-air.cz\/o-firme-cleanair\/ochrana-osobnich-udaju\/"},"modified":"2023-11-23T12:34:39","modified_gmt":"2023-11-23T11:34:39","slug":"ochrana-osobnich-udaju","status":"publish","type":"page","link":"https:\/\/www.clean-air.cz\/cs\/o-firme-cleanair\/ochrana-osobnich-udaju\/","title":{"rendered":"Ochrana osobn\u00edch \u00fadaj\u016f"},"content":{"rendered":"<p>Na\u0161e spole\u010dnost je spr\u00e1vcem osobn\u00edch \u00fadaj\u016f. Zpracov\u00e1v\u00e1me osobn\u00ed \u00fadaje v n\u00e1sleduj\u00edc\u00edch oblastech:<\/p>\n<ol>\n<li>Mzdov\u00e1 agenda \u2013 zpracov\u00e1n\u00ed os. \u00fadaj\u016f na z\u00e1klad\u011b p\u0159\u00edslu\u0161n\u00e9 legislativy<\/li>\n<li>Fakturace \u2013 zpracov\u00e1n\u00ed os. \u00fadaj\u016f na z\u00e1klad\u011b p\u0159\u00edslu\u0161n\u00e9 legislativy<\/li>\n<li>Person\u00e1ln\u00ed agenda \u2013 zpracov\u00e1n\u00ed os. \u00fadaj\u016f na z\u00e1klad\u011b opr\u00e1vn\u011bn\u00e9ho z\u00e1jmu spole\u010dnosti<\/li>\n<li>Smluvn\u00ed vztahy \u2013 zpracov\u00e1n\u00ed os. \u00fadaj\u016f na z\u00e1klad\u011b opr\u00e1vn\u011bn\u00e9ho z\u00e1jmu spole\u010dnosti<\/li>\n<li>Obchodn\u00ed kontakty \u2013 zpracov\u00e1n\u00ed os. \u00fadaj\u016f, kter\u00e9 spole\u010dnosti poskytly fyzick\u00e9 osoby za \u00fa\u010delem budouc\u00edho kontaktov\u00e1n\u00ed v r\u00e1mci standardn\u00edch obchodn\u00edch vztah\u016f spole\u010dnosti, nap\u0159. formou vizitky, informac\u00ed zaslan\u00fdch emailem atd.<\/li>\n<li>Ostatn\u00ed \u2013 zpracov\u00e1n\u00ed os. \u00fadaj\u016f na z\u00e1klad\u011b ud\u011blen\u00e9ho souhlasu, jedn\u00e1 se nap\u0159. o dopl\u0148uj\u00edc\u00ed os. \u00fadaje pro person\u00e1ln\u00ed z\u00e1le\u017eitosti spole\u010dnosti atd.<\/li>\n<\/ol>\n<p><span style=\"color: #be0300;\"><strong>Z\u00e1sady ochrany osobn\u00edch \u00fadaj\u016f pro u\u017eivatele aplikace CleanAIR Link:<br \/>\n<\/strong><\/span>Na\u0161e spole\u010dnost vyv\u00edj\u00ed a poskytuje k u\u017e\u00edv\u00e1n\u00ed mobiln\u00ed aplikaci slou\u017e\u00edc\u00ed k bezdr\u00e1tov\u00e9 spr\u00e1v\u011b a nastaven\u00ed filtra\u010dn\u011b ventila\u010dn\u00edch jednotek CleanAIR.<br \/>\nAplikace nena\u010d\u00edt\u00e1, neshroma\u017e\u010fuje, nepou\u017e\u00edv\u00e1 a nesd\u00edl\u00ed \u017e\u00e1dn\u00e9 osobn\u00ed \u00fadaje u\u017eivatele.<\/p>\n<p>V\u00a0p\u0159\u00edpad\u011b dotaz\u016f na t\u00e9ma zpracov\u00e1n\u00ed osobn\u00edch \u00fadaj\u016f na\u0161\u00ed spole\u010dnost\u00ed se obracejte na emailovou adresu\u00a0<a href=\"mailto:GDPR@malina-safety.cz\">GDPR@clean-air.cz<\/a><\/p>\n","protected":false},"excerpt":{"rendered":"<p>Na\u0161e spole\u010dnost je spr\u00e1vcem osobn\u00edch \u00fadaj\u016f. Zpracov\u00e1v\u00e1me osobn\u00ed \u00fadaje v n\u00e1sleduj\u00edc\u00edch oblastech: Mzdov\u00e1 agenda \u2013 zpracov\u00e1n\u00ed os. \u00fadaj\u016f na z\u00e1klad\u011b p\u0159\u00edslu\u0161n\u00e9 legislativy Fakturace \u2013 zpracov\u00e1n\u00ed os. \u00fadaj\u016f na z\u00e1klad\u011b p\u0159\u00edslu\u0161n\u00e9 legislativy Person\u00e1ln\u00ed agenda \u2013 zpracov\u00e1n\u00ed os. \u00fadaj\u016f na z\u00e1klad\u011b opr\u00e1vn\u011bn\u00e9ho z\u00e1jmu spole\u010dnosti Smluvn\u00ed vztahy \u2013 zpracov\u00e1n\u00ed os. \u00fadaj\u016f na z\u00e1klad\u011b opr\u00e1vn\u011bn\u00e9ho z\u00e1jmu spole\u010dnosti Obchodn\u00ed kontakty \u2013 zpracov\u00e1n\u00ed os. \u00fadaj\u016f, kter\u00e9 spole\u010dnosti poskytly fyzick\u00e9 osoby za \u00fa\u010delem budouc\u00edho kontaktov\u00e1n\u00ed v r\u00e1mci<\/p>\n<p><a class=\"more-link\" href=\"https:\/\/www.clean-air.cz\/cs\/o-firme-cleanair\/ochrana-osobnich-udaju\/\">Read More<\/a><\/p>\n","protected":false},"author":11,"featured_media":0,"parent":2654,"menu_order":0,"comment_status":"closed","ping_status":"closed","template":"","meta":{"footnotes":""},"_links":{"self":[{"href":"https:\/\/www.clean-air.cz\/cs\/wp-json\/wp\/v2\/pages\/3212"}],"collection":[{"href":"https:\/\/www.clean-air.cz\/cs\/wp-json\/wp\/v2\/pages"}],"about":[{"href":"https:\/\/www.clean-air.cz\/cs\/wp-json\/wp\/v2\/types\/page"}],"author":[{"embeddable":true,"href":"https:\/\/www.clean-air.cz\/cs\/wp-json\/wp\/v2\/users\/11"}],"replies":[{"embeddable":true,"href":"https:\/\/www.clean-air.cz\/cs\/wp-json\/wp\/v2\/comments?post=3212"}],"version-history":[{"count":0,"href":"https:\/\/www.clean-air.cz\/cs\/wp-json\/wp\/v2\/pages\/3212\/revisions"}],"up":[{"embeddable":true,"href":"https:\/\/www.clean-air.cz\/cs\/wp-json\/wp\/v2\/pages\/2654"}],"wp:attachment":[{"href":"https:\/\/www.clean-air.cz\/cs\/wp-json\/wp\/v2\/media?parent=3212"}],"curies":[{"name":"wp","href":"https:\/\/api.w.org\/{rel}","templated":true}]}}